{"id":248,"date":"2021-05-04T06:50:59","date_gmt":"2021-05-04T06:50:59","guid":{"rendered":"https:\/\/nea.rs\/?page_id=248"},"modified":"2022-03-18T09:38:58","modified_gmt":"2022-03-18T09:38:58","slug":"mr-dejan-lekic-dipl-inz-gradevine","status":"publish","type":"page","link":"https:\/\/nea.rs\/index.php\/mr-dejan-lekic-dipl-inz-gradevine\/","title":{"rendered":"mr Dejan Leki\u0107, dipl. in\u017e. gra\u0111evine"},"content":{"rendered":"\n<figure class=\"wp-block-image size-large\"><img loading=\"lazy\" decoding=\"async\" width=\"90\" height=\"105\" src=\"https:\/\/nea.rs\/wp-content\/uploads\/2021\/05\/dejan_lekic-1.png\" alt=\"\" class=\"wp-image-165\"\/><\/figure>\n\n\n\n<p>Jedan od oniva\u010da Nacionalne ekolo\u0161ke asocijacije (NEA) i osniva\u010d portala Ekstremna ekologija (xEco &#8211; Extreme Ecology), tvorac desktop i mobilnih aplikacija xEco Vazduh, xEco Polen i xEco Od\u017eak.<\/p>\n\n\n\n<p>Do januara 2021. godine zaposlen na mestu na\u010delnika Odeljenja za indikatore izve\u0161tavanje i informacioni sistem, Agencije za za\u0161titu \u017eivotne sredine. Od 2001. do danas na rukovode\u0107im mestima u Saveznom hidrometeorolo\u0161kom zavodu, Ministarstvu za\u0161tite \u017eivotne sredine i Agenciji za za\u0161titu \u017eivotne sredine, u kojoj je od osnivanja, a gde je u periodu od 2010. do 2018. godine obavljao i du\u017enost pomo\u0107nika direktora.<\/p>\n\n\n\n<p>U periodu od 2007. do 2021. obavljao je du\u017enost Nacionalne fokalne ta\u010dke za saradnju sa Evropskom agencijom za \u017eivotnu sredinu (EEA) i njenom mre\u017eom za osmatranje i informacije (Eionet) te formirao mre\u017eu nacionalnih institucija za pra\u0107enje stanja \u017eivotne sredine, prikupljanje podataka i izve\u0161tavanje ka institucijama Evropske unije. Pripremao je, koordinisao i implementirao mnogobrojne projekte finansirane od strane EU i drugih bilateralnih donora vezane za dizajniranje nacionalnih informacionih sistema monitoringa i za\u0161tite \u017eivotne sredine sa ukupnim iznosom donacija od preko 10 miliona evra.<\/p>\n\n\n\n<p>U poslednjih trideset godina je istovremeno stekao bogato internacionalno iskustvo rade\u0107i kao ekspert, u analizi, razvoju i implementaciji softverskih re\u0161enja u oblasti hidrometeorologije i za\u0161tite \u017eivotne sredine, koriste\u0107i znanja o geografskim informacionim sistemima, bazama podataka i brojnim programskim jezicima. U periodu od 1999. do 2022. godine radio je u mnogobrojnim zemljama (Francuska, Kipar, Bugarska, Crna Gora, Sveta Lucija, Makedonija, Jamajka, Barbados, Bosna i Hercegovina, Grenada, Gvajana, itd.) kao ekspert me\u0111unarodnih organizacija (FAO, WMO, WB, UNDP, EU, UNECE, UNEP, OEBS) u dizajniranju, uspostavljanju i stvaranju informacionih sistema i izradi studija u oblasti za\u0161tite \u017eivotne sredine.<\/p>\n\n\n\n<p>Govori engleski i francuski jezik, diplomirani gra\u0111evinski in\u017eenjer, magistar ve\u0161ta\u010dke inteligencije, zavr\u0161io je Matemati\u010dku gimnaziju u Beogradu, gde i danas \u017eivi i radi.\u00a0<\/p>\n","protected":false},"excerpt":{"rendered":"<p>Jedan od oniva\u010da Nacionalne ekolo\u0161ke asocijacije (NEA) i osniva\u010d portala Ekstremna ekologija (xEco &#8211; Extreme Ecology), tvorac desktop i mobilnih aplikacija xEco Vazduh, xEco Polen&hellip;<\/p>\n","protected":false},"author":1,"featured_media":0,"parent":0,"menu_order":0,"comment_status":"closed","ping_status":"closed","template":"","meta":{"footnotes":""},"class_list":["post-248","page","type-page","status-publish","hentry"],"yoast_head":"<!-- This site is optimized with the Yoast SEO plugin v24.9 - https:\/\/yoast.com\/wordpress\/plugins\/seo\/ -->\n<title>mr Dejan Leki\u0107, dipl. in\u017e. gra\u0111evine - Nacionalna ekolo\u0161ka asocijacija<\/title>\n<meta name=\"robots\" content=\"index, follow, max-snippet:-1, max-image-preview:large, max-video-preview:-1\" \/>\n<link rel=\"canonical\" href=\"https:\/\/nea.rs\/index.php\/mr-dejan-lekic-dipl-inz-gradevine\/\" \/>\n<meta property=\"og:locale\" content=\"sr_RS\" \/>\n<meta property=\"og:type\" content=\"article\" \/>\n<meta property=\"og:title\" content=\"mr Dejan Leki\u0107, dipl. in\u017e. gra\u0111evine - Nacionalna ekolo\u0161ka asocijacija\" \/>\n<meta property=\"og:description\" content=\"Jedan od oniva\u010da Nacionalne ekolo\u0161ke asocijacije (NEA) i osniva\u010d portala Ekstremna ekologija (xEco &#8211; Extreme Ecology), tvorac desktop i mobilnih aplikacija xEco Vazduh, xEco Polen&hellip;\" \/>\n<meta property=\"og:url\" content=\"https:\/\/nea.rs\/index.php\/mr-dejan-lekic-dipl-inz-gradevine\/\" \/>\n<meta property=\"og:site_name\" content=\"Nacionalna ekolo\u0161ka asocijacija\" \/>\n<meta property=\"article:publisher\" content=\"https:\/\/www.facebook.com\/NEASrbija\" \/>\n<meta property=\"article:modified_time\" content=\"2022-03-18T09:38:58+00:00\" \/>\n<meta property=\"og:image\" content=\"https:\/\/nea.rs\/wp-content\/uploads\/2021\/05\/dejan_lekic-1.png\" \/>\n<meta name=\"twitter:card\" content=\"summary_large_image\" \/>\n<meta name=\"twitter:site\" content=\"@NEASrbija\" \/>\n<meta name=\"twitter:label1\" content=\"Procenjeno vreme \u010ditanja\" \/>\n\t<meta name=\"twitter:data1\" content=\"2 minuta\" \/>\n<script type=\"application\/ld+json\" class=\"yoast-schema-graph\">{\"@context\":\"https:\/\/schema.org\",\"@graph\":[{\"@type\":\"WebPage\",\"@id\":\"https:\/\/nea.rs\/index.php\/mr-dejan-lekic-dipl-inz-gradevine\/\",\"url\":\"https:\/\/nea.rs\/index.php\/mr-dejan-lekic-dipl-inz-gradevine\/\",\"name\":\"mr Dejan Leki\u0107, dipl. in\u017e. gra\u0111evine - Nacionalna ekolo\u0161ka asocijacija\",\"isPartOf\":{\"@id\":\"https:\/\/nea.rs\/#website\"},\"primaryImageOfPage\":{\"@id\":\"https:\/\/nea.rs\/index.php\/mr-dejan-lekic-dipl-inz-gradevine\/#primaryimage\"},\"image\":{\"@id\":\"https:\/\/nea.rs\/index.php\/mr-dejan-lekic-dipl-inz-gradevine\/#primaryimage\"},\"thumbnailUrl\":\"https:\/\/nea.rs\/wp-content\/uploads\/2021\/05\/dejan_lekic-1.png\",\"datePublished\":\"2021-05-04T06:50:59+00:00\",\"dateModified\":\"2022-03-18T09:38:58+00:00\",\"breadcrumb\":{\"@id\":\"https:\/\/nea.rs\/index.php\/mr-dejan-lekic-dipl-inz-gradevine\/#breadcrumb\"},\"inLanguage\":\"sr-RS\",\"potentialAction\":[{\"@type\":\"ReadAction\",\"target\":[\"https:\/\/nea.rs\/index.php\/mr-dejan-lekic-dipl-inz-gradevine\/\"]}]},{\"@type\":\"ImageObject\",\"inLanguage\":\"sr-RS\",\"@id\":\"https:\/\/nea.rs\/index.php\/mr-dejan-lekic-dipl-inz-gradevine\/#primaryimage\",\"url\":\"https:\/\/nea.rs\/wp-content\/uploads\/2021\/05\/dejan_lekic-1.png\",\"contentUrl\":\"https:\/\/nea.rs\/wp-content\/uploads\/2021\/05\/dejan_lekic-1.png\",\"width\":90,\"height\":105,\"caption\":\"Dejan Leki\u0107\"},{\"@type\":\"BreadcrumbList\",\"@id\":\"https:\/\/nea.rs\/index.php\/mr-dejan-lekic-dipl-inz-gradevine\/#breadcrumb\",\"itemListElement\":[{\"@type\":\"ListItem\",\"position\":1,\"name\":\"Po\u010detna\",\"item\":\"https:\/\/nea.rs\/\"},{\"@type\":\"ListItem\",\"position\":2,\"name\":\"mr Dejan Leki\u0107, dipl. in\u017e. gra\u0111evine\"}]},{\"@type\":\"WebSite\",\"@id\":\"https:\/\/nea.rs\/#website\",\"url\":\"https:\/\/nea.rs\/\",\"name\":\"Nacionalna ekolo\u0161ka asocijacija\",\"description\":\"\",\"publisher\":{\"@id\":\"https:\/\/nea.rs\/#organization\"},\"potentialAction\":[{\"@type\":\"SearchAction\",\"target\":{\"@type\":\"EntryPoint\",\"urlTemplate\":\"https:\/\/nea.rs\/?s={search_term_string}\"},\"query-input\":{\"@type\":\"PropertyValueSpecification\",\"valueRequired\":true,\"valueName\":\"search_term_string\"}}],\"inLanguage\":\"sr-RS\"},{\"@type\":\"Organization\",\"@id\":\"https:\/\/nea.rs\/#organization\",\"name\":\"Nacionalna ekolo\u0161ka asocijacija\",\"url\":\"https:\/\/nea.rs\/\",\"logo\":{\"@type\":\"ImageObject\",\"inLanguage\":\"sr-RS\",\"@id\":\"https:\/\/nea.rs\/#\/schema\/logo\/image\/\",\"url\":\"https:\/\/nea.rs\/wp-content\/uploads\/2021\/05\/cropped-logoNEA_crop_180_nowhite.jpg\",\"contentUrl\":\"https:\/\/nea.rs\/wp-content\/uploads\/2021\/05\/cropped-logoNEA_crop_180_nowhite.jpg\",\"width\":276,\"height\":154,\"caption\":\"Nacionalna ekolo\u0161ka asocijacija\"},\"image\":{\"@id\":\"https:\/\/nea.rs\/#\/schema\/logo\/image\/\"},\"sameAs\":[\"https:\/\/www.facebook.com\/NEASrbija\",\"https:\/\/x.com\/NEASrbija\",\"https:\/\/www.instagram.com\/neasrbija\/\",\"https:\/\/www.youtube.com\/channel\/UCxwdyhNFV-rjanyqj7JIFow\"]}]}<\/script>\n<!-- \/ Yoast SEO plugin. -->","yoast_head_json":{"title":"mr Dejan Leki\u0107, dipl. in\u017e. gra\u0111evine - Nacionalna ekolo\u0161ka asocijacija","robots":{"index":"index","follow":"follow","max-snippet":"max-snippet:-1","max-image-preview":"max-image-preview:large","max-video-preview":"max-video-preview:-1"},"canonical":"https:\/\/nea.rs\/index.php\/mr-dejan-lekic-dipl-inz-gradevine\/","og_locale":"sr_RS","og_type":"article","og_title":"mr Dejan Leki\u0107, dipl. in\u017e. gra\u0111evine - Nacionalna ekolo\u0161ka asocijacija","og_description":"Jedan od oniva\u010da Nacionalne ekolo\u0161ke asocijacije (NEA) i osniva\u010d portala Ekstremna ekologija (xEco &#8211; Extreme Ecology), tvorac desktop i mobilnih aplikacija xEco Vazduh, xEco Polen&hellip;","og_url":"https:\/\/nea.rs\/index.php\/mr-dejan-lekic-dipl-inz-gradevine\/","og_site_name":"Nacionalna ekolo\u0161ka asocijacija","article_publisher":"https:\/\/www.facebook.com\/NEASrbija","article_modified_time":"2022-03-18T09:38:58+00:00","og_image":[{"url":"https:\/\/nea.rs\/wp-content\/uploads\/2021\/05\/dejan_lekic-1.png","type":"","width":"","height":""}],"twitter_card":"summary_large_image","twitter_site":"@NEASrbija","twitter_misc":{"Procenjeno vreme \u010ditanja":"2 minuta"},"schema":{"@context":"https:\/\/schema.org","@graph":[{"@type":"WebPage","@id":"https:\/\/nea.rs\/index.php\/mr-dejan-lekic-dipl-inz-gradevine\/","url":"https:\/\/nea.rs\/index.php\/mr-dejan-lekic-dipl-inz-gradevine\/","name":"mr Dejan Leki\u0107, dipl. in\u017e. gra\u0111evine - Nacionalna ekolo\u0161ka asocijacija","isPartOf":{"@id":"https:\/\/nea.rs\/#website"},"primaryImageOfPage":{"@id":"https:\/\/nea.rs\/index.php\/mr-dejan-lekic-dipl-inz-gradevine\/#primaryimage"},"image":{"@id":"https:\/\/nea.rs\/index.php\/mr-dejan-lekic-dipl-inz-gradevine\/#primaryimage"},"thumbnailUrl":"https:\/\/nea.rs\/wp-content\/uploads\/2021\/05\/dejan_lekic-1.png","datePublished":"2021-05-04T06:50:59+00:00","dateModified":"2022-03-18T09:38:58+00:00","breadcrumb":{"@id":"https:\/\/nea.rs\/index.php\/mr-dejan-lekic-dipl-inz-gradevine\/#breadcrumb"},"inLanguage":"sr-RS","potentialAction":[{"@type":"ReadAction","target":["https:\/\/nea.rs\/index.php\/mr-dejan-lekic-dipl-inz-gradevine\/"]}]},{"@type":"ImageObject","inLanguage":"sr-RS","@id":"https:\/\/nea.rs\/index.php\/mr-dejan-lekic-dipl-inz-gradevine\/#primaryimage","url":"https:\/\/nea.rs\/wp-content\/uploads\/2021\/05\/dejan_lekic-1.png","contentUrl":"https:\/\/nea.rs\/wp-content\/uploads\/2021\/05\/dejan_lekic-1.png","width":90,"height":105,"caption":"Dejan Leki\u0107"},{"@type":"BreadcrumbList","@id":"https:\/\/nea.rs\/index.php\/mr-dejan-lekic-dipl-inz-gradevine\/#breadcrumb","itemListElement":[{"@type":"ListItem","position":1,"name":"Po\u010detna","item":"https:\/\/nea.rs\/"},{"@type":"ListItem","position":2,"name":"mr Dejan Leki\u0107, dipl. in\u017e. gra\u0111evine"}]},{"@type":"WebSite","@id":"https:\/\/nea.rs\/#website","url":"https:\/\/nea.rs\/","name":"Nacionalna ekolo\u0161ka asocijacija","description":"","publisher":{"@id":"https:\/\/nea.rs\/#organization"},"potentialAction":[{"@type":"SearchAction","target":{"@type":"EntryPoint","urlTemplate":"https:\/\/nea.rs\/?s={search_term_string}"},"query-input":{"@type":"PropertyValueSpecification","valueRequired":true,"valueName":"search_term_string"}}],"inLanguage":"sr-RS"},{"@type":"Organization","@id":"https:\/\/nea.rs\/#organization","name":"Nacionalna ekolo\u0161ka asocijacija","url":"https:\/\/nea.rs\/","logo":{"@type":"ImageObject","inLanguage":"sr-RS","@id":"https:\/\/nea.rs\/#\/schema\/logo\/image\/","url":"https:\/\/nea.rs\/wp-content\/uploads\/2021\/05\/cropped-logoNEA_crop_180_nowhite.jpg","contentUrl":"https:\/\/nea.rs\/wp-content\/uploads\/2021\/05\/cropped-logoNEA_crop_180_nowhite.jpg","width":276,"height":154,"caption":"Nacionalna ekolo\u0161ka asocijacija"},"image":{"@id":"https:\/\/nea.rs\/#\/schema\/logo\/image\/"},"sameAs":["https:\/\/www.facebook.com\/NEASrbija","https:\/\/x.com\/NEASrbija","https:\/\/www.instagram.com\/neasrbija\/","https:\/\/www.youtube.com\/channel\/UCxwdyhNFV-rjanyqj7JIFow"]}]}},"jetpack_sharing_enabled":true,"_links":{"self":[{"href":"https:\/\/nea.rs\/index.php\/wp-json\/wp\/v2\/pages\/248","targetHints":{"allow":["GET"]}}],"collection":[{"href":"https:\/\/nea.rs\/index.php\/wp-json\/wp\/v2\/pages"}],"about":[{"href":"https:\/\/nea.rs\/index.php\/wp-json\/wp\/v2\/types\/page"}],"author":[{"embeddable":true,"href":"https:\/\/nea.rs\/index.php\/wp-json\/wp\/v2\/users\/1"}],"replies":[{"embeddable":true,"href":"https:\/\/nea.rs\/index.php\/wp-json\/wp\/v2\/comments?post=248"}],"version-history":[{"count":6,"href":"https:\/\/nea.rs\/index.php\/wp-json\/wp\/v2\/pages\/248\/revisions"}],"predecessor-version":[{"id":1045,"href":"https:\/\/nea.rs\/index.php\/wp-json\/wp\/v2\/pages\/248\/revisions\/1045"}],"wp:attachment":[{"href":"https:\/\/nea.rs\/index.php\/wp-json\/wp\/v2\/media?parent=248"}],"curies":[{"name":"wp","href":"https:\/\/api.w.org\/{rel}","templated":true}]}}