{"id":245,"date":"2021-05-04T06:50:27","date_gmt":"2021-05-04T06:50:27","guid":{"rendered":"https:\/\/nea.rs\/?page_id=245"},"modified":"2021-05-05T17:56:15","modified_gmt":"2021-05-05T17:56:15","slug":"dr-nebojsa-veljkovic-dipl-inz-gradevine","status":"publish","type":"page","link":"https:\/\/nea.rs\/index.php\/dr-nebojsa-veljkovic-dipl-inz-gradevine\/","title":{"rendered":"dr Neboj\u0161a Veljkovi\u0107, dipl. in\u017e. gra\u0111evine"},"content":{"rendered":"\n<figure class=\"wp-block-image size-large\"><img loading=\"lazy\" decoding=\"async\" width=\"90\" height=\"105\" src=\"https:\/\/nea.rs\/wp-content\/uploads\/2021\/05\/nebojsa_veljkovic-1.png\" alt=\"\" class=\"wp-image-172\"\/><\/figure>\n\n\n\n<p>Neboj\u0161a Veljkovi\u0107 je ro\u0111en u Leskovcu 1955. godine gde je zavr\u0161io Gimnaziju, diplomirao je na Gra\u0111evinskom fakultetu u Ni\u0161u na hidrotehni\u010dko-konstruktorskom smeru. Na Medicinskom fakultetu u Beogradu zavr\u0161io je specijalisti\u010dke studije iz sanitarne tehnike, magistrirao i doktorirao na Fakultetu za\u0161tite na radu u Ni\u0161u na smeru za za\u0161titu \u017eivotne sredine. Radio je u Agenciji za za\u0161titu \u017eivotne sredine\/ Ministarstvo za\u0161tite \u017eivotne sredine Republike Srbije do odlaska u penziju u februaru 2020. godine, na radnom mestu na\u010delnika odeljenja za monitoring kvaliteta vode i sedimenta u zvanju vi\u0161eg savetnika.<\/p>\n\n\n\n<p>Bio je \u010dlan Agencije za za\u0161titu \u017eivotne sredine, koja je National Reference Center za saradnju\/izve\u0161tavanje Republike Srbije prema Evropskoj agenciji za \u017eivotnu sredinu (EEA), za oblast izve\u0161tavanja vodni resursi (water quantity, quality and ecological status). Bio je \u010dlan Zajedni\u010dkog tela Republike Srbije za sprovo\u0111enje Protokola o vodi i zdravlju (UNECE Protocol on Water and Health). Bio je \u010dlan radne grupe Instituta za standardizaciju Srbije za oblast U165 Snabdevanje vodom i in\u017eenjerstvo otpadnih voda.<\/p>\n\n\n\n<p>Bio je urednik i koautor \u0161est publikacija iz tematike nadle\u017enosti Agencije za za\u0161titu \u017eivotne sredine\/Ministarstvo za\u0161tite \u017eivotne sredine i Ministarstva zdravlja Republike Srbije: Pobolj\u0161anje sistema za procenu difuznog zaga\u0111enja voda u Srbiji &#8211; studija slu\u010daja za sliv Kolubare, Agencija za za\u0161titu \u017eivotne sredine (2013); Sprovo\u0111enje protokola o vodi i zdravlju u Republici Srbiji \u2013 Analiza stanja, Ministarstvo zdravlja i Ministarstvo \u017eivotne sredine (2014); Status povr\u0161inskih voda Srbije &#8211; Analize i elementi za projektovanje monitoringa, Agencija za za\u0161titu \u017eivotne sredine (2015); Vode Srbije \u2013 U vremenu prilago\u0111avanja na klimatske promene, Agencija za za\u0161titu \u017eivotne sredine (2015); Status povr\u0161inskih voda Srbije &#8211; Razvoj monitoringa u okviru planova upravljanja re\u010dnim slivovima, Agencija za za\u0161titu \u017eivotne sredine(2018); \u017divotna sredina u Srbiji: 2004 \u2013 2019, Agencija za za\u0161titu \u017eivotne sredine (2019).<\/p>\n\n\n\n<p>Autor i koautor je osamdeset stru\u010dnih i nau\u010dnih radova objavljenih u \u010dasopisima nacionalnog i me\u0111unarodnog zna\u010daja. Teme ovih radova obra\u0111uju pitanja razvoja, upravljanja, kori\u0161\u0107enja i za\u0161tite vodnih resursa, kao i pitanja za\u0161tite \u017eivotne sredine i odr\u017eivog razvoja. Autor je monografija: Indikatori odr\u017eivog razvoja i upravljanje vodnim resursima, Zadu\u017ebina Andrejevi\u0107 (2006), Modeling and assessment of diffuse water pollution load \u2013 priciples and application, Lambert Academic Publishing (2013) i Informacione tehnologije u za\u0161titi \u017eivotne sredine, UTVSI (2017). \u010clan je redakcije \u010dasopisa Voda i sanitarna tehnika koji izdaje Udru\u017eenje za tehnologiju vode i sanitarno in\u017eenjerstvo iz Beograda.<\/p>\n","protected":false},"excerpt":{"rendered":"<p>Neboj\u0161a Veljkovi\u0107 je ro\u0111en u Leskovcu 1955. godine gde je zavr\u0161io Gimnaziju, diplomirao je na Gra\u0111evinskom fakultetu u Ni\u0161u na hidrotehni\u010dko-konstruktorskom smeru. Na Medicinskom fakultetu&hellip;<\/p>\n","protected":false},"author":1,"featured_media":0,"parent":0,"menu_order":0,"comment_status":"closed","ping_status":"closed","template":"","meta":{"footnotes":""},"class_list":["post-245","page","type-page","status-publish","hentry"],"yoast_head":"<!-- This site is optimized with the Yoast SEO plugin v24.9 - https:\/\/yoast.com\/wordpress\/plugins\/seo\/ -->\n<title>dr Neboj\u0161a Veljkovi\u0107, dipl. in\u017e. gra\u0111evine - Nacionalna ekolo\u0161ka asocijacija<\/title>\n<meta name=\"robots\" content=\"index, follow, max-snippet:-1, max-image-preview:large, max-video-preview:-1\" \/>\n<link rel=\"canonical\" href=\"https:\/\/nea.rs\/index.php\/dr-nebojsa-veljkovic-dipl-inz-gradevine\/\" \/>\n<meta property=\"og:locale\" content=\"sr_RS\" \/>\n<meta property=\"og:type\" content=\"article\" \/>\n<meta property=\"og:title\" content=\"dr Neboj\u0161a Veljkovi\u0107, dipl. in\u017e. gra\u0111evine - Nacionalna ekolo\u0161ka asocijacija\" \/>\n<meta property=\"og:description\" content=\"Neboj\u0161a Veljkovi\u0107 je ro\u0111en u Leskovcu 1955. godine gde je zavr\u0161io Gimnaziju, diplomirao je na Gra\u0111evinskom fakultetu u Ni\u0161u na hidrotehni\u010dko-konstruktorskom smeru. Na Medicinskom fakultetu&hellip;\" \/>\n<meta property=\"og:url\" content=\"https:\/\/nea.rs\/index.php\/dr-nebojsa-veljkovic-dipl-inz-gradevine\/\" \/>\n<meta property=\"og:site_name\" content=\"Nacionalna ekolo\u0161ka asocijacija\" \/>\n<meta property=\"article:publisher\" content=\"https:\/\/www.facebook.com\/NEASrbija\" \/>\n<meta property=\"article:modified_time\" content=\"2021-05-05T17:56:15+00:00\" \/>\n<meta property=\"og:image\" content=\"https:\/\/nea.rs\/wp-content\/uploads\/2021\/05\/nebojsa_veljkovic-1.png\" \/>\n<meta name=\"twitter:card\" content=\"summary_large_image\" \/>\n<meta name=\"twitter:site\" content=\"@NEASrbija\" \/>\n<meta name=\"twitter:label1\" content=\"Procenjeno vreme \u010ditanja\" \/>\n\t<meta name=\"twitter:data1\" content=\"2 minuta\" \/>\n<script type=\"application\/ld+json\" class=\"yoast-schema-graph\">{\"@context\":\"https:\/\/schema.org\",\"@graph\":[{\"@type\":\"WebPage\",\"@id\":\"https:\/\/nea.rs\/index.php\/dr-nebojsa-veljkovic-dipl-inz-gradevine\/\",\"url\":\"https:\/\/nea.rs\/index.php\/dr-nebojsa-veljkovic-dipl-inz-gradevine\/\",\"name\":\"dr Neboj\u0161a Veljkovi\u0107, dipl. in\u017e. gra\u0111evine - Nacionalna ekolo\u0161ka asocijacija\",\"isPartOf\":{\"@id\":\"https:\/\/nea.rs\/#website\"},\"primaryImageOfPage\":{\"@id\":\"https:\/\/nea.rs\/index.php\/dr-nebojsa-veljkovic-dipl-inz-gradevine\/#primaryimage\"},\"image\":{\"@id\":\"https:\/\/nea.rs\/index.php\/dr-nebojsa-veljkovic-dipl-inz-gradevine\/#primaryimage\"},\"thumbnailUrl\":\"https:\/\/nea.rs\/wp-content\/uploads\/2021\/05\/nebojsa_veljkovic-1.png\",\"datePublished\":\"2021-05-04T06:50:27+00:00\",\"dateModified\":\"2021-05-05T17:56:15+00:00\",\"breadcrumb\":{\"@id\":\"https:\/\/nea.rs\/index.php\/dr-nebojsa-veljkovic-dipl-inz-gradevine\/#breadcrumb\"},\"inLanguage\":\"sr-RS\",\"potentialAction\":[{\"@type\":\"ReadAction\",\"target\":[\"https:\/\/nea.rs\/index.php\/dr-nebojsa-veljkovic-dipl-inz-gradevine\/\"]}]},{\"@type\":\"ImageObject\",\"inLanguage\":\"sr-RS\",\"@id\":\"https:\/\/nea.rs\/index.php\/dr-nebojsa-veljkovic-dipl-inz-gradevine\/#primaryimage\",\"url\":\"https:\/\/nea.rs\/wp-content\/uploads\/2021\/05\/nebojsa_veljkovic-1.png\",\"contentUrl\":\"https:\/\/nea.rs\/wp-content\/uploads\/2021\/05\/nebojsa_veljkovic-1.png\",\"width\":90,\"height\":105,\"caption\":\"Neboj\u0161a Veljkovi\u0107\"},{\"@type\":\"BreadcrumbList\",\"@id\":\"https:\/\/nea.rs\/index.php\/dr-nebojsa-veljkovic-dipl-inz-gradevine\/#breadcrumb\",\"itemListElement\":[{\"@type\":\"ListItem\",\"position\":1,\"name\":\"Po\u010detna\",\"item\":\"https:\/\/nea.rs\/\"},{\"@type\":\"ListItem\",\"position\":2,\"name\":\"dr Neboj\u0161a Veljkovi\u0107, dipl. in\u017e. gra\u0111evine\"}]},{\"@type\":\"WebSite\",\"@id\":\"https:\/\/nea.rs\/#website\",\"url\":\"https:\/\/nea.rs\/\",\"name\":\"Nacionalna ekolo\u0161ka asocijacija\",\"description\":\"\",\"publisher\":{\"@id\":\"https:\/\/nea.rs\/#organization\"},\"potentialAction\":[{\"@type\":\"SearchAction\",\"target\":{\"@type\":\"EntryPoint\",\"urlTemplate\":\"https:\/\/nea.rs\/?s={search_term_string}\"},\"query-input\":{\"@type\":\"PropertyValueSpecification\",\"valueRequired\":true,\"valueName\":\"search_term_string\"}}],\"inLanguage\":\"sr-RS\"},{\"@type\":\"Organization\",\"@id\":\"https:\/\/nea.rs\/#organization\",\"name\":\"Nacionalna ekolo\u0161ka asocijacija\",\"url\":\"https:\/\/nea.rs\/\",\"logo\":{\"@type\":\"ImageObject\",\"inLanguage\":\"sr-RS\",\"@id\":\"https:\/\/nea.rs\/#\/schema\/logo\/image\/\",\"url\":\"https:\/\/nea.rs\/wp-content\/uploads\/2021\/05\/cropped-logoNEA_crop_180_nowhite.jpg\",\"contentUrl\":\"https:\/\/nea.rs\/wp-content\/uploads\/2021\/05\/cropped-logoNEA_crop_180_nowhite.jpg\",\"width\":276,\"height\":154,\"caption\":\"Nacionalna ekolo\u0161ka asocijacija\"},\"image\":{\"@id\":\"https:\/\/nea.rs\/#\/schema\/logo\/image\/\"},\"sameAs\":[\"https:\/\/www.facebook.com\/NEASrbija\",\"https:\/\/x.com\/NEASrbija\",\"https:\/\/www.instagram.com\/neasrbija\/\",\"https:\/\/www.youtube.com\/channel\/UCxwdyhNFV-rjanyqj7JIFow\"]}]}<\/script>\n<!-- \/ Yoast SEO plugin. -->","yoast_head_json":{"title":"dr Neboj\u0161a Veljkovi\u0107, dipl. in\u017e. gra\u0111evine - Nacionalna ekolo\u0161ka asocijacija","robots":{"index":"index","follow":"follow","max-snippet":"max-snippet:-1","max-image-preview":"max-image-preview:large","max-video-preview":"max-video-preview:-1"},"canonical":"https:\/\/nea.rs\/index.php\/dr-nebojsa-veljkovic-dipl-inz-gradevine\/","og_locale":"sr_RS","og_type":"article","og_title":"dr Neboj\u0161a Veljkovi\u0107, dipl. in\u017e. gra\u0111evine - Nacionalna ekolo\u0161ka asocijacija","og_description":"Neboj\u0161a Veljkovi\u0107 je ro\u0111en u Leskovcu 1955. godine gde je zavr\u0161io Gimnaziju, diplomirao je na Gra\u0111evinskom fakultetu u Ni\u0161u na hidrotehni\u010dko-konstruktorskom smeru. Na Medicinskom fakultetu&hellip;","og_url":"https:\/\/nea.rs\/index.php\/dr-nebojsa-veljkovic-dipl-inz-gradevine\/","og_site_name":"Nacionalna ekolo\u0161ka asocijacija","article_publisher":"https:\/\/www.facebook.com\/NEASrbija","article_modified_time":"2021-05-05T17:56:15+00:00","og_image":[{"url":"https:\/\/nea.rs\/wp-content\/uploads\/2021\/05\/nebojsa_veljkovic-1.png","type":"","width":"","height":""}],"twitter_card":"summary_large_image","twitter_site":"@NEASrbija","twitter_misc":{"Procenjeno vreme \u010ditanja":"2 minuta"},"schema":{"@context":"https:\/\/schema.org","@graph":[{"@type":"WebPage","@id":"https:\/\/nea.rs\/index.php\/dr-nebojsa-veljkovic-dipl-inz-gradevine\/","url":"https:\/\/nea.rs\/index.php\/dr-nebojsa-veljkovic-dipl-inz-gradevine\/","name":"dr Neboj\u0161a Veljkovi\u0107, dipl. in\u017e. gra\u0111evine - Nacionalna ekolo\u0161ka asocijacija","isPartOf":{"@id":"https:\/\/nea.rs\/#website"},"primaryImageOfPage":{"@id":"https:\/\/nea.rs\/index.php\/dr-nebojsa-veljkovic-dipl-inz-gradevine\/#primaryimage"},"image":{"@id":"https:\/\/nea.rs\/index.php\/dr-nebojsa-veljkovic-dipl-inz-gradevine\/#primaryimage"},"thumbnailUrl":"https:\/\/nea.rs\/wp-content\/uploads\/2021\/05\/nebojsa_veljkovic-1.png","datePublished":"2021-05-04T06:50:27+00:00","dateModified":"2021-05-05T17:56:15+00:00","breadcrumb":{"@id":"https:\/\/nea.rs\/index.php\/dr-nebojsa-veljkovic-dipl-inz-gradevine\/#breadcrumb"},"inLanguage":"sr-RS","potentialAction":[{"@type":"ReadAction","target":["https:\/\/nea.rs\/index.php\/dr-nebojsa-veljkovic-dipl-inz-gradevine\/"]}]},{"@type":"ImageObject","inLanguage":"sr-RS","@id":"https:\/\/nea.rs\/index.php\/dr-nebojsa-veljkovic-dipl-inz-gradevine\/#primaryimage","url":"https:\/\/nea.rs\/wp-content\/uploads\/2021\/05\/nebojsa_veljkovic-1.png","contentUrl":"https:\/\/nea.rs\/wp-content\/uploads\/2021\/05\/nebojsa_veljkovic-1.png","width":90,"height":105,"caption":"Neboj\u0161a Veljkovi\u0107"},{"@type":"BreadcrumbList","@id":"https:\/\/nea.rs\/index.php\/dr-nebojsa-veljkovic-dipl-inz-gradevine\/#breadcrumb","itemListElement":[{"@type":"ListItem","position":1,"name":"Po\u010detna","item":"https:\/\/nea.rs\/"},{"@type":"ListItem","position":2,"name":"dr Neboj\u0161a Veljkovi\u0107, dipl. in\u017e. gra\u0111evine"}]},{"@type":"WebSite","@id":"https:\/\/nea.rs\/#website","url":"https:\/\/nea.rs\/","name":"Nacionalna ekolo\u0161ka asocijacija","description":"","publisher":{"@id":"https:\/\/nea.rs\/#organization"},"potentialAction":[{"@type":"SearchAction","target":{"@type":"EntryPoint","urlTemplate":"https:\/\/nea.rs\/?s={search_term_string}"},"query-input":{"@type":"PropertyValueSpecification","valueRequired":true,"valueName":"search_term_string"}}],"inLanguage":"sr-RS"},{"@type":"Organization","@id":"https:\/\/nea.rs\/#organization","name":"Nacionalna ekolo\u0161ka asocijacija","url":"https:\/\/nea.rs\/","logo":{"@type":"ImageObject","inLanguage":"sr-RS","@id":"https:\/\/nea.rs\/#\/schema\/logo\/image\/","url":"https:\/\/nea.rs\/wp-content\/uploads\/2021\/05\/cropped-logoNEA_crop_180_nowhite.jpg","contentUrl":"https:\/\/nea.rs\/wp-content\/uploads\/2021\/05\/cropped-logoNEA_crop_180_nowhite.jpg","width":276,"height":154,"caption":"Nacionalna ekolo\u0161ka asocijacija"},"image":{"@id":"https:\/\/nea.rs\/#\/schema\/logo\/image\/"},"sameAs":["https:\/\/www.facebook.com\/NEASrbija","https:\/\/x.com\/NEASrbija","https:\/\/www.instagram.com\/neasrbija\/","https:\/\/www.youtube.com\/channel\/UCxwdyhNFV-rjanyqj7JIFow"]}]}},"jetpack_sharing_enabled":true,"_links":{"self":[{"href":"https:\/\/nea.rs\/index.php\/wp-json\/wp\/v2\/pages\/245","targetHints":{"allow":["GET"]}}],"collection":[{"href":"https:\/\/nea.rs\/index.php\/wp-json\/wp\/v2\/pages"}],"about":[{"href":"https:\/\/nea.rs\/index.php\/wp-json\/wp\/v2\/types\/page"}],"author":[{"embeddable":true,"href":"https:\/\/nea.rs\/index.php\/wp-json\/wp\/v2\/users\/1"}],"replies":[{"embeddable":true,"href":"https:\/\/nea.rs\/index.php\/wp-json\/wp\/v2\/comments?post=245"}],"version-history":[{"count":2,"href":"https:\/\/nea.rs\/index.php\/wp-json\/wp\/v2\/pages\/245\/revisions"}],"predecessor-version":[{"id":348,"href":"https:\/\/nea.rs\/index.php\/wp-json\/wp\/v2\/pages\/245\/revisions\/348"}],"wp:attachment":[{"href":"https:\/\/nea.rs\/index.php\/wp-json\/wp\/v2\/media?parent=245"}],"curies":[{"name":"wp","href":"https:\/\/api.w.org\/{rel}","templated":true}]}}