{"id":243,"date":"2021-05-04T06:49:58","date_gmt":"2021-05-04T06:49:58","guid":{"rendered":"https:\/\/nea.rs\/?page_id=243"},"modified":"2021-05-05T17:58:46","modified_gmt":"2021-05-05T17:58:46","slug":"dr-vladimir-pavicevic-dipl-inz-tehnologije","status":"publish","type":"page","link":"https:\/\/nea.rs\/index.php\/dr-vladimir-pavicevic-dipl-inz-tehnologije\/","title":{"rendered":"dr Vladimir Pavi\u0107evi\u0107, dipl. in\u017e. tehnologije"},"content":{"rendered":"\n<figure class=\"wp-block-image size-large\"><img loading=\"lazy\" decoding=\"async\" width=\"90\" height=\"105\" src=\"https:\/\/nea.rs\/wp-content\/uploads\/2021\/05\/vladimir_pavicevic-1.png\" alt=\"\" class=\"wp-image-161\"\/><\/figure>\n\n\n\n<p>Dr Vladimir Pavi\u0107evi\u0107 ro\u0111en je 1960. godine u Beogradu, gde je zavr\u0161io osnovnu \u0161kolu i Devetu beogradsku gimnaziju. Bio je druga generacija koja je studirala na novom smeru &#8220; Samostalnoj grupi za za\u0161titu \u017eivotne sredine na Tehnolo\u0161ko-metalur\u0161kom fakultetu Univerziteta u Beogradu, na kom je diplomirao, magistrirao i doktorirao. Od 1984. godine zaposlen je na tom fakultetu, prvo na Katedri za neorgansku hemijsku tehnologiju (na predmetu Tehnologija vode), kasnije na novoosnovanoj Katedri za in\u017eenjerstvo za\u0161tite \u017eivotne sredine, gde i sada predaje u zvanju docenta i trenutno obavlja funkciju \u0161efa Katedre.<\/p>\n\n\n\n<p>Predaje slede\u0107e predmete: na osnovnim akademskim studijama &#8220; Hidrologiju, Monitoring \u017eivotne sredine, Laboratoriju za in\u017eenjerstvo za\u0161tite \u017eivotne sredine, Osnove tehnologije pripreme vode i deo Osnova farmaceutskog in\u017eenjerstva; na master akademskim studijama &#8220; Tehnologiju pripreme vode u industriji i dr\u017ei ve\u017ebe iz In\u017eenjerstva za\u0161tite \u017eivotne sredine i na doktorskim studijama &#8220; Tehnologiju pripreme vode.<\/p>\n\n\n\n<p>Kao \u0161to se vidi iz navedenih predmeta, glavna oblast nau\u010dnostru\u010dnog interesovanja mu je tehnologija vode, naro\u010dito pripreme vode, ali se aktivno bavi i upravljanjem otpadom, posebno opasnim otpadom (dugo godina vodi sekciju opasnog otpada na Konferenciji otpadne vode, \u010dvrsti komunalni otpad i opasan otpad koju organizuje Udru\u017eenje za tehnologiju vode i sanitarno in\u017eenjerstvo iz Beograda), izradom dokumenata u vezi sa za\u0161titom \u017eivotne sredine na nacionalnom, regionalnom i lokalnom planu, projektovanjem tehnolo\u0161kih procesa (ima licencu ovla\u0161\u0107enog projektanta) i hemijskim in\u017eenjerstvom (izdvajanje etarskih ulja iz lekovitog bilja i plodova hidrodestilacijom). Pored o\u010dekivanog u\u010de\u0161\u0107a na mnogim nau\u010dnim i stru\u010dnim skupovima me\u0111unarodnog i nacionalnog statusa po prirodi svog posla, jo\u0161 od svojih studentskih dana, kasnije sa kolegama i studentima organizovao je i u\u010destvovao na mnogim nau\u010dnostru\u010dnim, obrazovnim aktivnostima na raznim studentskim susretima i eko&#8220;kampovima tokom proteklih \u010detrdeset godina.<\/p>\n","protected":false},"excerpt":{"rendered":"<p>Dr Vladimir Pavi\u0107evi\u0107 ro\u0111en je 1960. godine u Beogradu, gde je zavr\u0161io osnovnu \u0161kolu i Devetu beogradsku gimnaziju. Bio je druga generacija koja je studirala&hellip;<\/p>\n","protected":false},"author":1,"featured_media":0,"parent":0,"menu_order":0,"comment_status":"closed","ping_status":"closed","template":"","meta":{"footnotes":""},"class_list":["post-243","page","type-page","status-publish","hentry"],"yoast_head":"<!-- This site is optimized with the Yoast SEO plugin v24.9 - https:\/\/yoast.com\/wordpress\/plugins\/seo\/ -->\n<title>dr Vladimir Pavi\u0107evi\u0107, dipl. in\u017e. tehnologije - Nacionalna ekolo\u0161ka asocijacija<\/title>\n<meta name=\"robots\" content=\"index, follow, max-snippet:-1, max-image-preview:large, max-video-preview:-1\" \/>\n<link rel=\"canonical\" href=\"https:\/\/nea.rs\/index.php\/dr-vladimir-pavicevic-dipl-inz-tehnologije\/\" \/>\n<meta property=\"og:locale\" content=\"sr_RS\" \/>\n<meta property=\"og:type\" content=\"article\" \/>\n<meta property=\"og:title\" content=\"dr Vladimir Pavi\u0107evi\u0107, dipl. in\u017e. tehnologije - Nacionalna ekolo\u0161ka asocijacija\" \/>\n<meta property=\"og:description\" content=\"Dr Vladimir Pavi\u0107evi\u0107 ro\u0111en je 1960. godine u Beogradu, gde je zavr\u0161io osnovnu \u0161kolu i Devetu beogradsku gimnaziju. Bio je druga generacija koja je studirala&hellip;\" \/>\n<meta property=\"og:url\" content=\"https:\/\/nea.rs\/index.php\/dr-vladimir-pavicevic-dipl-inz-tehnologije\/\" \/>\n<meta property=\"og:site_name\" content=\"Nacionalna ekolo\u0161ka asocijacija\" \/>\n<meta property=\"article:publisher\" content=\"https:\/\/www.facebook.com\/NEASrbija\" \/>\n<meta property=\"article:modified_time\" content=\"2021-05-05T17:58:46+00:00\" \/>\n<meta property=\"og:image\" content=\"https:\/\/nea.rs\/wp-content\/uploads\/2021\/05\/vladimir_pavicevic-1.png\" \/>\n<meta name=\"twitter:card\" content=\"summary_large_image\" \/>\n<meta name=\"twitter:site\" content=\"@NEASrbija\" \/>\n<meta name=\"twitter:label1\" content=\"Procenjeno vreme \u010ditanja\" \/>\n\t<meta name=\"twitter:data1\" content=\"2 minuta\" \/>\n<script type=\"application\/ld+json\" class=\"yoast-schema-graph\">{\"@context\":\"https:\/\/schema.org\",\"@graph\":[{\"@type\":\"WebPage\",\"@id\":\"https:\/\/nea.rs\/index.php\/dr-vladimir-pavicevic-dipl-inz-tehnologije\/\",\"url\":\"https:\/\/nea.rs\/index.php\/dr-vladimir-pavicevic-dipl-inz-tehnologije\/\",\"name\":\"dr Vladimir Pavi\u0107evi\u0107, dipl. in\u017e. tehnologije - Nacionalna ekolo\u0161ka asocijacija\",\"isPartOf\":{\"@id\":\"https:\/\/nea.rs\/#website\"},\"primaryImageOfPage\":{\"@id\":\"https:\/\/nea.rs\/index.php\/dr-vladimir-pavicevic-dipl-inz-tehnologije\/#primaryimage\"},\"image\":{\"@id\":\"https:\/\/nea.rs\/index.php\/dr-vladimir-pavicevic-dipl-inz-tehnologije\/#primaryimage\"},\"thumbnailUrl\":\"https:\/\/nea.rs\/wp-content\/uploads\/2021\/05\/vladimir_pavicevic-1.png\",\"datePublished\":\"2021-05-04T06:49:58+00:00\",\"dateModified\":\"2021-05-05T17:58:46+00:00\",\"breadcrumb\":{\"@id\":\"https:\/\/nea.rs\/index.php\/dr-vladimir-pavicevic-dipl-inz-tehnologije\/#breadcrumb\"},\"inLanguage\":\"sr-RS\",\"potentialAction\":[{\"@type\":\"ReadAction\",\"target\":[\"https:\/\/nea.rs\/index.php\/dr-vladimir-pavicevic-dipl-inz-tehnologije\/\"]}]},{\"@type\":\"ImageObject\",\"inLanguage\":\"sr-RS\",\"@id\":\"https:\/\/nea.rs\/index.php\/dr-vladimir-pavicevic-dipl-inz-tehnologije\/#primaryimage\",\"url\":\"https:\/\/nea.rs\/wp-content\/uploads\/2021\/05\/vladimir_pavicevic-1.png\",\"contentUrl\":\"https:\/\/nea.rs\/wp-content\/uploads\/2021\/05\/vladimir_pavicevic-1.png\",\"width\":90,\"height\":105,\"caption\":\"Vladimir Pavi\u0107evi\u0107\"},{\"@type\":\"BreadcrumbList\",\"@id\":\"https:\/\/nea.rs\/index.php\/dr-vladimir-pavicevic-dipl-inz-tehnologije\/#breadcrumb\",\"itemListElement\":[{\"@type\":\"ListItem\",\"position\":1,\"name\":\"Po\u010detna\",\"item\":\"https:\/\/nea.rs\/\"},{\"@type\":\"ListItem\",\"position\":2,\"name\":\"dr Vladimir Pavi\u0107evi\u0107, dipl. in\u017e. tehnologije\"}]},{\"@type\":\"WebSite\",\"@id\":\"https:\/\/nea.rs\/#website\",\"url\":\"https:\/\/nea.rs\/\",\"name\":\"Nacionalna ekolo\u0161ka asocijacija\",\"description\":\"\",\"publisher\":{\"@id\":\"https:\/\/nea.rs\/#organization\"},\"potentialAction\":[{\"@type\":\"SearchAction\",\"target\":{\"@type\":\"EntryPoint\",\"urlTemplate\":\"https:\/\/nea.rs\/?s={search_term_string}\"},\"query-input\":{\"@type\":\"PropertyValueSpecification\",\"valueRequired\":true,\"valueName\":\"search_term_string\"}}],\"inLanguage\":\"sr-RS\"},{\"@type\":\"Organization\",\"@id\":\"https:\/\/nea.rs\/#organization\",\"name\":\"Nacionalna ekolo\u0161ka asocijacija\",\"url\":\"https:\/\/nea.rs\/\",\"logo\":{\"@type\":\"ImageObject\",\"inLanguage\":\"sr-RS\",\"@id\":\"https:\/\/nea.rs\/#\/schema\/logo\/image\/\",\"url\":\"https:\/\/nea.rs\/wp-content\/uploads\/2021\/05\/cropped-logoNEA_crop_180_nowhite.jpg\",\"contentUrl\":\"https:\/\/nea.rs\/wp-content\/uploads\/2021\/05\/cropped-logoNEA_crop_180_nowhite.jpg\",\"width\":276,\"height\":154,\"caption\":\"Nacionalna ekolo\u0161ka asocijacija\"},\"image\":{\"@id\":\"https:\/\/nea.rs\/#\/schema\/logo\/image\/\"},\"sameAs\":[\"https:\/\/www.facebook.com\/NEASrbija\",\"https:\/\/x.com\/NEASrbija\",\"https:\/\/www.instagram.com\/neasrbija\/\",\"https:\/\/www.youtube.com\/channel\/UCxwdyhNFV-rjanyqj7JIFow\"]}]}<\/script>\n<!-- \/ Yoast SEO plugin. -->","yoast_head_json":{"title":"dr Vladimir Pavi\u0107evi\u0107, dipl. in\u017e. tehnologije - Nacionalna ekolo\u0161ka asocijacija","robots":{"index":"index","follow":"follow","max-snippet":"max-snippet:-1","max-image-preview":"max-image-preview:large","max-video-preview":"max-video-preview:-1"},"canonical":"https:\/\/nea.rs\/index.php\/dr-vladimir-pavicevic-dipl-inz-tehnologije\/","og_locale":"sr_RS","og_type":"article","og_title":"dr Vladimir Pavi\u0107evi\u0107, dipl. in\u017e. tehnologije - Nacionalna ekolo\u0161ka asocijacija","og_description":"Dr Vladimir Pavi\u0107evi\u0107 ro\u0111en je 1960. godine u Beogradu, gde je zavr\u0161io osnovnu \u0161kolu i Devetu beogradsku gimnaziju. Bio je druga generacija koja je studirala&hellip;","og_url":"https:\/\/nea.rs\/index.php\/dr-vladimir-pavicevic-dipl-inz-tehnologije\/","og_site_name":"Nacionalna ekolo\u0161ka asocijacija","article_publisher":"https:\/\/www.facebook.com\/NEASrbija","article_modified_time":"2021-05-05T17:58:46+00:00","og_image":[{"url":"https:\/\/nea.rs\/wp-content\/uploads\/2021\/05\/vladimir_pavicevic-1.png","type":"","width":"","height":""}],"twitter_card":"summary_large_image","twitter_site":"@NEASrbija","twitter_misc":{"Procenjeno vreme \u010ditanja":"2 minuta"},"schema":{"@context":"https:\/\/schema.org","@graph":[{"@type":"WebPage","@id":"https:\/\/nea.rs\/index.php\/dr-vladimir-pavicevic-dipl-inz-tehnologije\/","url":"https:\/\/nea.rs\/index.php\/dr-vladimir-pavicevic-dipl-inz-tehnologije\/","name":"dr Vladimir Pavi\u0107evi\u0107, dipl. in\u017e. tehnologije - Nacionalna ekolo\u0161ka asocijacija","isPartOf":{"@id":"https:\/\/nea.rs\/#website"},"primaryImageOfPage":{"@id":"https:\/\/nea.rs\/index.php\/dr-vladimir-pavicevic-dipl-inz-tehnologije\/#primaryimage"},"image":{"@id":"https:\/\/nea.rs\/index.php\/dr-vladimir-pavicevic-dipl-inz-tehnologije\/#primaryimage"},"thumbnailUrl":"https:\/\/nea.rs\/wp-content\/uploads\/2021\/05\/vladimir_pavicevic-1.png","datePublished":"2021-05-04T06:49:58+00:00","dateModified":"2021-05-05T17:58:46+00:00","breadcrumb":{"@id":"https:\/\/nea.rs\/index.php\/dr-vladimir-pavicevic-dipl-inz-tehnologije\/#breadcrumb"},"inLanguage":"sr-RS","potentialAction":[{"@type":"ReadAction","target":["https:\/\/nea.rs\/index.php\/dr-vladimir-pavicevic-dipl-inz-tehnologije\/"]}]},{"@type":"ImageObject","inLanguage":"sr-RS","@id":"https:\/\/nea.rs\/index.php\/dr-vladimir-pavicevic-dipl-inz-tehnologije\/#primaryimage","url":"https:\/\/nea.rs\/wp-content\/uploads\/2021\/05\/vladimir_pavicevic-1.png","contentUrl":"https:\/\/nea.rs\/wp-content\/uploads\/2021\/05\/vladimir_pavicevic-1.png","width":90,"height":105,"caption":"Vladimir Pavi\u0107evi\u0107"},{"@type":"BreadcrumbList","@id":"https:\/\/nea.rs\/index.php\/dr-vladimir-pavicevic-dipl-inz-tehnologije\/#breadcrumb","itemListElement":[{"@type":"ListItem","position":1,"name":"Po\u010detna","item":"https:\/\/nea.rs\/"},{"@type":"ListItem","position":2,"name":"dr Vladimir Pavi\u0107evi\u0107, dipl. in\u017e. tehnologije"}]},{"@type":"WebSite","@id":"https:\/\/nea.rs\/#website","url":"https:\/\/nea.rs\/","name":"Nacionalna ekolo\u0161ka asocijacija","description":"","publisher":{"@id":"https:\/\/nea.rs\/#organization"},"potentialAction":[{"@type":"SearchAction","target":{"@type":"EntryPoint","urlTemplate":"https:\/\/nea.rs\/?s={search_term_string}"},"query-input":{"@type":"PropertyValueSpecification","valueRequired":true,"valueName":"search_term_string"}}],"inLanguage":"sr-RS"},{"@type":"Organization","@id":"https:\/\/nea.rs\/#organization","name":"Nacionalna ekolo\u0161ka asocijacija","url":"https:\/\/nea.rs\/","logo":{"@type":"ImageObject","inLanguage":"sr-RS","@id":"https:\/\/nea.rs\/#\/schema\/logo\/image\/","url":"https:\/\/nea.rs\/wp-content\/uploads\/2021\/05\/cropped-logoNEA_crop_180_nowhite.jpg","contentUrl":"https:\/\/nea.rs\/wp-content\/uploads\/2021\/05\/cropped-logoNEA_crop_180_nowhite.jpg","width":276,"height":154,"caption":"Nacionalna ekolo\u0161ka asocijacija"},"image":{"@id":"https:\/\/nea.rs\/#\/schema\/logo\/image\/"},"sameAs":["https:\/\/www.facebook.com\/NEASrbija","https:\/\/x.com\/NEASrbija","https:\/\/www.instagram.com\/neasrbija\/","https:\/\/www.youtube.com\/channel\/UCxwdyhNFV-rjanyqj7JIFow"]}]}},"jetpack_sharing_enabled":true,"_links":{"self":[{"href":"https:\/\/nea.rs\/index.php\/wp-json\/wp\/v2\/pages\/243","targetHints":{"allow":["GET"]}}],"collection":[{"href":"https:\/\/nea.rs\/index.php\/wp-json\/wp\/v2\/pages"}],"about":[{"href":"https:\/\/nea.rs\/index.php\/wp-json\/wp\/v2\/types\/page"}],"author":[{"embeddable":true,"href":"https:\/\/nea.rs\/index.php\/wp-json\/wp\/v2\/users\/1"}],"replies":[{"embeddable":true,"href":"https:\/\/nea.rs\/index.php\/wp-json\/wp\/v2\/comments?post=243"}],"version-history":[{"count":2,"href":"https:\/\/nea.rs\/index.php\/wp-json\/wp\/v2\/pages\/243\/revisions"}],"predecessor-version":[{"id":351,"href":"https:\/\/nea.rs\/index.php\/wp-json\/wp\/v2\/pages\/243\/revisions\/351"}],"wp:attachment":[{"href":"https:\/\/nea.rs\/index.php\/wp-json\/wp\/v2\/media?parent=243"}],"curies":[{"name":"wp","href":"https:\/\/api.w.org\/{rel}","templated":true}]}}