{"id":241,"date":"2021-05-04T06:49:28","date_gmt":"2021-05-04T06:49:28","guid":{"rendered":"https:\/\/nea.rs\/?page_id=241"},"modified":"2021-05-05T17:58:20","modified_gmt":"2021-05-05T17:58:20","slug":"dr-vladimir-kovcin-lekar","status":"publish","type":"page","link":"https:\/\/nea.rs\/index.php\/dr-vladimir-kovcin-lekar\/","title":{"rendered":"dr Vladimir Kov\u010din, lekar"},"content":{"rendered":"\n<figure class=\"wp-block-image size-large\"><img loading=\"lazy\" decoding=\"async\" width=\"90\" height=\"105\" src=\"https:\/\/nea.rs\/wp-content\/uploads\/2021\/05\/vladimir_kovcin-1.png\" alt=\"\" class=\"wp-image-160\"\/><\/figure>\n\n\n\n<p>Ro\u0111en u Somboru 1957. godine. Na Medicinskom fakultetu u Beogradu diplomirao 1982. godine sa prose\u010dnom ocenom 9,28. Specijalizacija interne medicine od 1986-1990. Magisterijum iz imunoonkologije. Doktorat iz onkologije. Vanredni Profesor interne medicine: Medicinska Akademija US Medical School. Vi\u0161i Nau\u010dni saradnik za oblast Onkologije pri Ministarstvu za nauku i tehnologiju Srbije 2007. godine. Subspecijalizacija iz klini\u010dke onkologije. Vanredni Profesor onkologije: Medicinska Akademija US.<\/p>\n\n\n\n<p>Delatnost u stru\u010dnim organizacijama:\u010clan SLD Kancerolo\u0161ke, hematolo\u0161ke i Imunolo\u0161ke sekcije od 1984.Sekretar republi\u010dke stru\u010dne komisije za Onkologiju, 1986. do 1989.Sekretar Nau\u010dnog ve\u0107a Instituta za onkologiju i radiologiju u Beogradu 1994. do 1997.\u010clan Evropskog Udru\u017eenja Medicinskih Onkologa (ESMO) od 1994.\u010clan Gr\u010dkog udru\u017eenja za borbu protiv raka plu\u0107a od 1994.\u010clan multinacionalne asocijacije za suportivnu terapiju kod kancera (MASCC) od 1995.\u010clan Subkomiteta za hematopoezu multinacionalne asocijacije za suportivnu terapiju kod kancera (MASCC) od 1995.\u010clan Evropske hematolo\u0161ke asocijacije (EHA) od 1995.\u010clan Balkanske onkolo\u0161ke unije (BUON) od 1995.\u010clan Njujor\u0161ke Akademije Nauka (NYAS) od 1998.\u010clan Ameri\u010dkog Udru\u017eenja Onkologa (ASCO) od 2001.\u010clan Udru\u017eenja Profesionalnih Klini\u010dkih Istra\u017eiva\u010da (ACRP) od 2007.\u010clan Komisije za registraciju humanih lekova pri (ALIMS) 2006. do 2013.Ekspert za citotoksi\u010dne lekove pri Agenciji za lekove i medicinska sredstva Srbije (ALIMS) od 2006. do 2013.<\/p>\n\n\n\n<p>JEZICI: Engleski, ruski, francuski<\/p>\n\n\n\n<p>Profesionalna delatnost:Na\u010delnik Onkolo\u0161ke slu\u017ebe u KBC &#8222;Be\u017eanijska Kosa&#8220; , 2005-2009.Direktor KBC &#8222;Be\u017eanijska Kosa&#8220;&#8220;, 2009 &#8220; 2013.Na\u0161elnik Odeljenja medikalne onkologije, 2013- 2014.Lekar specijalista onkolog na Odeljenju medikalne onkologije, 2016.<\/p>\n","protected":false},"excerpt":{"rendered":"<p>Ro\u0111en u Somboru 1957. godine. Na Medicinskom fakultetu u Beogradu diplomirao 1982. godine sa prose\u010dnom ocenom 9,28. Specijalizacija interne medicine od 1986-1990. Magisterijum iz imunoonkologije.&hellip;<\/p>\n","protected":false},"author":1,"featured_media":0,"parent":0,"menu_order":0,"comment_status":"closed","ping_status":"closed","template":"","meta":{"footnotes":""},"class_list":["post-241","page","type-page","status-publish","hentry"],"yoast_head":"<!-- This site is optimized with the Yoast SEO plugin v24.9 - https:\/\/yoast.com\/wordpress\/plugins\/seo\/ -->\n<title>dr Vladimir Kov\u010din, lekar - Nacionalna ekolo\u0161ka asocijacija<\/title>\n<meta name=\"robots\" content=\"index, follow, max-snippet:-1, max-image-preview:large, max-video-preview:-1\" \/>\n<link rel=\"canonical\" href=\"https:\/\/nea.rs\/index.php\/dr-vladimir-kovcin-lekar\/\" \/>\n<meta property=\"og:locale\" content=\"sr_RS\" \/>\n<meta property=\"og:type\" content=\"article\" \/>\n<meta property=\"og:title\" content=\"dr Vladimir Kov\u010din, lekar - Nacionalna ekolo\u0161ka asocijacija\" \/>\n<meta property=\"og:description\" content=\"Ro\u0111en u Somboru 1957. godine. Na Medicinskom fakultetu u Beogradu diplomirao 1982. godine sa prose\u010dnom ocenom 9,28. Specijalizacija interne medicine od 1986-1990. Magisterijum iz imunoonkologije.&hellip;\" \/>\n<meta property=\"og:url\" content=\"https:\/\/nea.rs\/index.php\/dr-vladimir-kovcin-lekar\/\" \/>\n<meta property=\"og:site_name\" content=\"Nacionalna ekolo\u0161ka asocijacija\" \/>\n<meta property=\"article:publisher\" content=\"https:\/\/www.facebook.com\/NEASrbija\" \/>\n<meta property=\"article:modified_time\" content=\"2021-05-05T17:58:20+00:00\" \/>\n<meta property=\"og:image\" content=\"https:\/\/nea.rs\/wp-content\/uploads\/2021\/05\/vladimir_kovcin-1.png\" \/>\n<meta name=\"twitter:card\" content=\"summary_large_image\" \/>\n<meta name=\"twitter:site\" content=\"@NEASrbija\" \/>\n<meta name=\"twitter:label1\" content=\"Procenjeno vreme \u010ditanja\" \/>\n\t<meta name=\"twitter:data1\" content=\"1 minut\" \/>\n<script type=\"application\/ld+json\" class=\"yoast-schema-graph\">{\"@context\":\"https:\/\/schema.org\",\"@graph\":[{\"@type\":\"WebPage\",\"@id\":\"https:\/\/nea.rs\/index.php\/dr-vladimir-kovcin-lekar\/\",\"url\":\"https:\/\/nea.rs\/index.php\/dr-vladimir-kovcin-lekar\/\",\"name\":\"dr Vladimir Kov\u010din, lekar - Nacionalna ekolo\u0161ka asocijacija\",\"isPartOf\":{\"@id\":\"https:\/\/nea.rs\/#website\"},\"primaryImageOfPage\":{\"@id\":\"https:\/\/nea.rs\/index.php\/dr-vladimir-kovcin-lekar\/#primaryimage\"},\"image\":{\"@id\":\"https:\/\/nea.rs\/index.php\/dr-vladimir-kovcin-lekar\/#primaryimage\"},\"thumbnailUrl\":\"https:\/\/nea.rs\/wp-content\/uploads\/2021\/05\/vladimir_kovcin-1.png\",\"datePublished\":\"2021-05-04T06:49:28+00:00\",\"dateModified\":\"2021-05-05T17:58:20+00:00\",\"breadcrumb\":{\"@id\":\"https:\/\/nea.rs\/index.php\/dr-vladimir-kovcin-lekar\/#breadcrumb\"},\"inLanguage\":\"sr-RS\",\"potentialAction\":[{\"@type\":\"ReadAction\",\"target\":[\"https:\/\/nea.rs\/index.php\/dr-vladimir-kovcin-lekar\/\"]}]},{\"@type\":\"ImageObject\",\"inLanguage\":\"sr-RS\",\"@id\":\"https:\/\/nea.rs\/index.php\/dr-vladimir-kovcin-lekar\/#primaryimage\",\"url\":\"https:\/\/nea.rs\/wp-content\/uploads\/2021\/05\/vladimir_kovcin-1.png\",\"contentUrl\":\"https:\/\/nea.rs\/wp-content\/uploads\/2021\/05\/vladimir_kovcin-1.png\",\"width\":90,\"height\":105,\"caption\":\"Vladimir Kov\u010din\"},{\"@type\":\"BreadcrumbList\",\"@id\":\"https:\/\/nea.rs\/index.php\/dr-vladimir-kovcin-lekar\/#breadcrumb\",\"itemListElement\":[{\"@type\":\"ListItem\",\"position\":1,\"name\":\"Po\u010detna\",\"item\":\"https:\/\/nea.rs\/\"},{\"@type\":\"ListItem\",\"position\":2,\"name\":\"dr Vladimir Kov\u010din, lekar\"}]},{\"@type\":\"WebSite\",\"@id\":\"https:\/\/nea.rs\/#website\",\"url\":\"https:\/\/nea.rs\/\",\"name\":\"Nacionalna ekolo\u0161ka asocijacija\",\"description\":\"\",\"publisher\":{\"@id\":\"https:\/\/nea.rs\/#organization\"},\"potentialAction\":[{\"@type\":\"SearchAction\",\"target\":{\"@type\":\"EntryPoint\",\"urlTemplate\":\"https:\/\/nea.rs\/?s={search_term_string}\"},\"query-input\":{\"@type\":\"PropertyValueSpecification\",\"valueRequired\":true,\"valueName\":\"search_term_string\"}}],\"inLanguage\":\"sr-RS\"},{\"@type\":\"Organization\",\"@id\":\"https:\/\/nea.rs\/#organization\",\"name\":\"Nacionalna ekolo\u0161ka asocijacija\",\"url\":\"https:\/\/nea.rs\/\",\"logo\":{\"@type\":\"ImageObject\",\"inLanguage\":\"sr-RS\",\"@id\":\"https:\/\/nea.rs\/#\/schema\/logo\/image\/\",\"url\":\"https:\/\/nea.rs\/wp-content\/uploads\/2021\/05\/cropped-logoNEA_crop_180_nowhite.jpg\",\"contentUrl\":\"https:\/\/nea.rs\/wp-content\/uploads\/2021\/05\/cropped-logoNEA_crop_180_nowhite.jpg\",\"width\":276,\"height\":154,\"caption\":\"Nacionalna ekolo\u0161ka asocijacija\"},\"image\":{\"@id\":\"https:\/\/nea.rs\/#\/schema\/logo\/image\/\"},\"sameAs\":[\"https:\/\/www.facebook.com\/NEASrbija\",\"https:\/\/x.com\/NEASrbija\",\"https:\/\/www.instagram.com\/neasrbija\/\",\"https:\/\/www.youtube.com\/channel\/UCxwdyhNFV-rjanyqj7JIFow\"]}]}<\/script>\n<!-- \/ Yoast SEO plugin. -->","yoast_head_json":{"title":"dr Vladimir Kov\u010din, lekar - Nacionalna ekolo\u0161ka asocijacija","robots":{"index":"index","follow":"follow","max-snippet":"max-snippet:-1","max-image-preview":"max-image-preview:large","max-video-preview":"max-video-preview:-1"},"canonical":"https:\/\/nea.rs\/index.php\/dr-vladimir-kovcin-lekar\/","og_locale":"sr_RS","og_type":"article","og_title":"dr Vladimir Kov\u010din, lekar - Nacionalna ekolo\u0161ka asocijacija","og_description":"Ro\u0111en u Somboru 1957. godine. Na Medicinskom fakultetu u Beogradu diplomirao 1982. godine sa prose\u010dnom ocenom 9,28. Specijalizacija interne medicine od 1986-1990. Magisterijum iz imunoonkologije.&hellip;","og_url":"https:\/\/nea.rs\/index.php\/dr-vladimir-kovcin-lekar\/","og_site_name":"Nacionalna ekolo\u0161ka asocijacija","article_publisher":"https:\/\/www.facebook.com\/NEASrbija","article_modified_time":"2021-05-05T17:58:20+00:00","og_image":[{"url":"https:\/\/nea.rs\/wp-content\/uploads\/2021\/05\/vladimir_kovcin-1.png","type":"","width":"","height":""}],"twitter_card":"summary_large_image","twitter_site":"@NEASrbija","twitter_misc":{"Procenjeno vreme \u010ditanja":"1 minut"},"schema":{"@context":"https:\/\/schema.org","@graph":[{"@type":"WebPage","@id":"https:\/\/nea.rs\/index.php\/dr-vladimir-kovcin-lekar\/","url":"https:\/\/nea.rs\/index.php\/dr-vladimir-kovcin-lekar\/","name":"dr Vladimir Kov\u010din, lekar - Nacionalna ekolo\u0161ka asocijacija","isPartOf":{"@id":"https:\/\/nea.rs\/#website"},"primaryImageOfPage":{"@id":"https:\/\/nea.rs\/index.php\/dr-vladimir-kovcin-lekar\/#primaryimage"},"image":{"@id":"https:\/\/nea.rs\/index.php\/dr-vladimir-kovcin-lekar\/#primaryimage"},"thumbnailUrl":"https:\/\/nea.rs\/wp-content\/uploads\/2021\/05\/vladimir_kovcin-1.png","datePublished":"2021-05-04T06:49:28+00:00","dateModified":"2021-05-05T17:58:20+00:00","breadcrumb":{"@id":"https:\/\/nea.rs\/index.php\/dr-vladimir-kovcin-lekar\/#breadcrumb"},"inLanguage":"sr-RS","potentialAction":[{"@type":"ReadAction","target":["https:\/\/nea.rs\/index.php\/dr-vladimir-kovcin-lekar\/"]}]},{"@type":"ImageObject","inLanguage":"sr-RS","@id":"https:\/\/nea.rs\/index.php\/dr-vladimir-kovcin-lekar\/#primaryimage","url":"https:\/\/nea.rs\/wp-content\/uploads\/2021\/05\/vladimir_kovcin-1.png","contentUrl":"https:\/\/nea.rs\/wp-content\/uploads\/2021\/05\/vladimir_kovcin-1.png","width":90,"height":105,"caption":"Vladimir Kov\u010din"},{"@type":"BreadcrumbList","@id":"https:\/\/nea.rs\/index.php\/dr-vladimir-kovcin-lekar\/#breadcrumb","itemListElement":[{"@type":"ListItem","position":1,"name":"Po\u010detna","item":"https:\/\/nea.rs\/"},{"@type":"ListItem","position":2,"name":"dr Vladimir Kov\u010din, lekar"}]},{"@type":"WebSite","@id":"https:\/\/nea.rs\/#website","url":"https:\/\/nea.rs\/","name":"Nacionalna ekolo\u0161ka asocijacija","description":"","publisher":{"@id":"https:\/\/nea.rs\/#organization"},"potentialAction":[{"@type":"SearchAction","target":{"@type":"EntryPoint","urlTemplate":"https:\/\/nea.rs\/?s={search_term_string}"},"query-input":{"@type":"PropertyValueSpecification","valueRequired":true,"valueName":"search_term_string"}}],"inLanguage":"sr-RS"},{"@type":"Organization","@id":"https:\/\/nea.rs\/#organization","name":"Nacionalna ekolo\u0161ka asocijacija","url":"https:\/\/nea.rs\/","logo":{"@type":"ImageObject","inLanguage":"sr-RS","@id":"https:\/\/nea.rs\/#\/schema\/logo\/image\/","url":"https:\/\/nea.rs\/wp-content\/uploads\/2021\/05\/cropped-logoNEA_crop_180_nowhite.jpg","contentUrl":"https:\/\/nea.rs\/wp-content\/uploads\/2021\/05\/cropped-logoNEA_crop_180_nowhite.jpg","width":276,"height":154,"caption":"Nacionalna ekolo\u0161ka asocijacija"},"image":{"@id":"https:\/\/nea.rs\/#\/schema\/logo\/image\/"},"sameAs":["https:\/\/www.facebook.com\/NEASrbija","https:\/\/x.com\/NEASrbija","https:\/\/www.instagram.com\/neasrbija\/","https:\/\/www.youtube.com\/channel\/UCxwdyhNFV-rjanyqj7JIFow"]}]}},"jetpack_sharing_enabled":true,"_links":{"self":[{"href":"https:\/\/nea.rs\/index.php\/wp-json\/wp\/v2\/pages\/241","targetHints":{"allow":["GET"]}}],"collection":[{"href":"https:\/\/nea.rs\/index.php\/wp-json\/wp\/v2\/pages"}],"about":[{"href":"https:\/\/nea.rs\/index.php\/wp-json\/wp\/v2\/types\/page"}],"author":[{"embeddable":true,"href":"https:\/\/nea.rs\/index.php\/wp-json\/wp\/v2\/users\/1"}],"replies":[{"embeddable":true,"href":"https:\/\/nea.rs\/index.php\/wp-json\/wp\/v2\/comments?post=241"}],"version-history":[{"count":2,"href":"https:\/\/nea.rs\/index.php\/wp-json\/wp\/v2\/pages\/241\/revisions"}],"predecessor-version":[{"id":350,"href":"https:\/\/nea.rs\/index.php\/wp-json\/wp\/v2\/pages\/241\/revisions\/350"}],"wp:attachment":[{"href":"https:\/\/nea.rs\/index.php\/wp-json\/wp\/v2\/media?parent=241"}],"curies":[{"name":"wp","href":"https:\/\/api.w.org\/{rel}","templated":true}]}}