{"id":231,"date":"2021-05-04T06:46:25","date_gmt":"2021-05-04T06:46:25","guid":{"rendered":"https:\/\/nea.rs\/?page_id=231"},"modified":"2021-05-05T18:00:36","modified_gmt":"2021-05-05T18:00:36","slug":"prof-dr-dragana-jovanovic-lekar","status":"publish","type":"page","link":"https:\/\/nea.rs\/index.php\/prof-dr-dragana-jovanovic-lekar\/","title":{"rendered":"Prof. dr Dragana Jovanovi\u0107, lekar"},"content":{"rendered":"\n<figure class=\"wp-block-image size-large\"><img loading=\"lazy\" decoding=\"async\" width=\"90\" height=\"105\" src=\"https:\/\/nea.rs\/wp-content\/uploads\/2021\/05\/dragana_jovanovic-1.png\" alt=\"\" class=\"wp-image-166\"\/><\/figure>\n\n\n\n<p>Redovni Profesor Interne medicine i Palijativne medicine Medicinskog fakulteta BU u penziji, doktor medicinskih nauka, specijalista pneumoftiziologije, supspecijalista pulmologije i (pulmo)onkologije, tvorac programa specijalizacije Palijativna medicina i \u0161ef katedre Palijativne medicine 2012-2019.<\/p>\n\n\n\n<p>Od 1979. godine do odlaska u penziju 2019. godine radila u Institutu za plu\u0107ne bolesti i tuberkulozu Klini\u010dkog Centra Srbij (KCS), odnosno u Klinici za pulmologiju KCS, od 1996g do penzije na\u010delnik klini\u010dkog odeljenja.<\/p>\n\n\n\n<p>Direktor Instituta za plu\u0107ne bolesti i TB 2001-2008, Maj 2015-Februar 2016Osniva\u010d centra Interventne pulmologije &#8211; interventnih bronholo\u0161kih metoda, Laser bronhoskopskog centra u Institutu za plu\u0107ne bolesti KCS, 2007.Osniva\u010d Jedinice za Palijativno zbrinjavanje i Ambulante za kancerski bol u Institutu za plu\u0107ne bolesti KCS 2005g.<\/p>\n\n\n\n<p>Sekretar za zdravstvo Grada Beograda Okt 2008-Okt 2009<\/p>\n\n\n\n<p>Posebni savetnik MZ Maj 2014-Maj 2015.<\/p>\n\n\n\n<p>Osniva\u010d Udru\u017eenja pulmologa Srbije 2002, i osniva\u010d i prvi Predsednik Respiratornog Udru\u017eenja Srbije 2014. Autor preko 370 radova i Glavni urednik i autor vi\u0161e poglavlja 6 knjiga, od kojih su 3 ujedno i ud\u017ebenici za poslediplomsku nastavu iz pulmologije.<\/p>\n\n\n\n<p>Dobitnik regionalne me\u0111unarodne nagrade MEDIS 2019. za originalno objavljeno istra\u017eivanje. Mentor je preko 20 magistarskih teza, vi\u0161e od deset supspecijalisti\u010dkih radova, kao i izrade 16 doktorskih teza, od kojih je ve\u0107ina zavr\u0161ena.<\/p>\n\n\n\n<p>Recenzent preko deset me\u0111unarodnih \u010dasopisa.<\/p>\n\n\n\n<p>\u010clan Izdava\u010dkog borda (Editorial Board JTD, ASJ, TRJ) 3 me\u0111unarodna \u010dasopisa.<\/p>\n\n\n\n<p>\u010clanstvo i pozicije u me\u0111unarodnim udru\u017eenjima:Vi\u0161e doma\u0107ih i me\u0111unarodnih udru\u017eenja, po\u010dasno \u010dlanstvo u Turskom i Rumunskog Respiratornog Udru\u017eenja.Evropsko Respiratorno Udru\u017eenje, ERS: College of Experts Member od 2014. GodineEvropsko Respiratorno Udru\u017eenje, ERS Long Running Program Committee Member 2018-2020Evropsko Respiratorno Udru\u017eenje, ERS Fellowship Reviewer od 2012The ERS European Initiative for Quality Management in Lung Cancer Care 2010-2013 &#8211; National Coordinator for SerbiaEuropean Respiratory Society (ERS) Task Force &#8222;Harmonized standards for centres of care and cancer registration in thoracic oncology in Europe&#8220; 2014-2018ERS Task Force &#8222;A systematic revienj and guideline on various aspects of quality in thoracic oncology care&#8220; ongoing (coordinator for PICO Q6 Palliative care)Senior Faculty member of the College of the European School of Oncology od 2020 nadaljeFaculty member of the College of the European School of Oncology 2014-2020<\/p>\n\n\n\n<p>Organizator i predava\u010d preko 60 doma\u0107ih i me\u0111unarodnih Kongresa, Konferencija, Simpozijuma, nau\u010dnih sastanaka, KME kurseva, na temu karcinoma plu\u0107a i drugih tumora grudnog ko\u0161a, palijativne terapije, tuberkuloze plu\u0107a, intersticijskih bolesti plu\u0107a i dr.Predava\u010d i nau\u010dni koordinator za ERS (Evropsko Respiratorno Udru\u017eenje) Course on Lung Cancer 2004, ERS on Lung Diseases in Childhood and Adults 2006,Predava\u010d po pozivu i\/ili predsedavaju\u0107i na brojnim svetskim, evropskim, inostranim konferencijama i kongresima (CELCC, CEOC, WCLC, ERS\u00e2?\u00a6) i doma\u0107im kongresima I konferencijama<\/p>\n","protected":false},"excerpt":{"rendered":"<p>Redovni Profesor Interne medicine i Palijativne medicine Medicinskog fakulteta BU u penziji, doktor medicinskih nauka, specijalista pneumoftiziologije, supspecijalista pulmologije i (pulmo)onkologije, tvorac programa specijalizacije Palijativna&hellip;<\/p>\n","protected":false},"author":1,"featured_media":0,"parent":0,"menu_order":0,"comment_status":"closed","ping_status":"closed","template":"","meta":{"footnotes":""},"class_list":["post-231","page","type-page","status-publish","hentry"],"yoast_head":"<!-- This site is optimized with the Yoast SEO plugin v24.9 - https:\/\/yoast.com\/wordpress\/plugins\/seo\/ -->\n<title>Prof. dr Dragana Jovanovi\u0107, lekar - Nacionalna ekolo\u0161ka asocijacija<\/title>\n<meta name=\"robots\" content=\"index, follow, max-snippet:-1, max-image-preview:large, max-video-preview:-1\" \/>\n<link rel=\"canonical\" href=\"https:\/\/nea.rs\/index.php\/prof-dr-dragana-jovanovic-lekar\/\" \/>\n<meta property=\"og:locale\" content=\"sr_RS\" \/>\n<meta property=\"og:type\" content=\"article\" \/>\n<meta property=\"og:title\" content=\"Prof. dr Dragana Jovanovi\u0107, lekar - Nacionalna ekolo\u0161ka asocijacija\" \/>\n<meta property=\"og:description\" content=\"Redovni Profesor Interne medicine i Palijativne medicine Medicinskog fakulteta BU u penziji, doktor medicinskih nauka, specijalista pneumoftiziologije, supspecijalista pulmologije i (pulmo)onkologije, tvorac programa specijalizacije Palijativna&hellip;\" \/>\n<meta property=\"og:url\" content=\"https:\/\/nea.rs\/index.php\/prof-dr-dragana-jovanovic-lekar\/\" \/>\n<meta property=\"og:site_name\" content=\"Nacionalna ekolo\u0161ka asocijacija\" \/>\n<meta property=\"article:publisher\" content=\"https:\/\/www.facebook.com\/NEASrbija\" \/>\n<meta property=\"article:modified_time\" content=\"2021-05-05T18:00:36+00:00\" \/>\n<meta property=\"og:image\" content=\"https:\/\/nea.rs\/wp-content\/uploads\/2021\/05\/dragana_jovanovic-1.png\" \/>\n<meta name=\"twitter:card\" content=\"summary_large_image\" \/>\n<meta name=\"twitter:site\" content=\"@NEASrbija\" \/>\n<meta name=\"twitter:label1\" content=\"Procenjeno vreme \u010ditanja\" \/>\n\t<meta name=\"twitter:data1\" content=\"2 minuta\" \/>\n<script type=\"application\/ld+json\" class=\"yoast-schema-graph\">{\"@context\":\"https:\/\/schema.org\",\"@graph\":[{\"@type\":\"WebPage\",\"@id\":\"https:\/\/nea.rs\/index.php\/prof-dr-dragana-jovanovic-lekar\/\",\"url\":\"https:\/\/nea.rs\/index.php\/prof-dr-dragana-jovanovic-lekar\/\",\"name\":\"Prof. dr Dragana Jovanovi\u0107, lekar - Nacionalna ekolo\u0161ka asocijacija\",\"isPartOf\":{\"@id\":\"https:\/\/nea.rs\/#website\"},\"primaryImageOfPage\":{\"@id\":\"https:\/\/nea.rs\/index.php\/prof-dr-dragana-jovanovic-lekar\/#primaryimage\"},\"image\":{\"@id\":\"https:\/\/nea.rs\/index.php\/prof-dr-dragana-jovanovic-lekar\/#primaryimage\"},\"thumbnailUrl\":\"https:\/\/nea.rs\/wp-content\/uploads\/2021\/05\/dragana_jovanovic-1.png\",\"datePublished\":\"2021-05-04T06:46:25+00:00\",\"dateModified\":\"2021-05-05T18:00:36+00:00\",\"breadcrumb\":{\"@id\":\"https:\/\/nea.rs\/index.php\/prof-dr-dragana-jovanovic-lekar\/#breadcrumb\"},\"inLanguage\":\"sr-RS\",\"potentialAction\":[{\"@type\":\"ReadAction\",\"target\":[\"https:\/\/nea.rs\/index.php\/prof-dr-dragana-jovanovic-lekar\/\"]}]},{\"@type\":\"ImageObject\",\"inLanguage\":\"sr-RS\",\"@id\":\"https:\/\/nea.rs\/index.php\/prof-dr-dragana-jovanovic-lekar\/#primaryimage\",\"url\":\"https:\/\/nea.rs\/wp-content\/uploads\/2021\/05\/dragana_jovanovic-1.png\",\"contentUrl\":\"https:\/\/nea.rs\/wp-content\/uploads\/2021\/05\/dragana_jovanovic-1.png\",\"width\":90,\"height\":105,\"caption\":\"Dragana Jovanovi\u0107\"},{\"@type\":\"BreadcrumbList\",\"@id\":\"https:\/\/nea.rs\/index.php\/prof-dr-dragana-jovanovic-lekar\/#breadcrumb\",\"itemListElement\":[{\"@type\":\"ListItem\",\"position\":1,\"name\":\"Po\u010detna\",\"item\":\"https:\/\/nea.rs\/\"},{\"@type\":\"ListItem\",\"position\":2,\"name\":\"Prof. dr Dragana Jovanovi\u0107, lekar\"}]},{\"@type\":\"WebSite\",\"@id\":\"https:\/\/nea.rs\/#website\",\"url\":\"https:\/\/nea.rs\/\",\"name\":\"Nacionalna ekolo\u0161ka asocijacija\",\"description\":\"\",\"publisher\":{\"@id\":\"https:\/\/nea.rs\/#organization\"},\"potentialAction\":[{\"@type\":\"SearchAction\",\"target\":{\"@type\":\"EntryPoint\",\"urlTemplate\":\"https:\/\/nea.rs\/?s={search_term_string}\"},\"query-input\":{\"@type\":\"PropertyValueSpecification\",\"valueRequired\":true,\"valueName\":\"search_term_string\"}}],\"inLanguage\":\"sr-RS\"},{\"@type\":\"Organization\",\"@id\":\"https:\/\/nea.rs\/#organization\",\"name\":\"Nacionalna ekolo\u0161ka asocijacija\",\"url\":\"https:\/\/nea.rs\/\",\"logo\":{\"@type\":\"ImageObject\",\"inLanguage\":\"sr-RS\",\"@id\":\"https:\/\/nea.rs\/#\/schema\/logo\/image\/\",\"url\":\"https:\/\/nea.rs\/wp-content\/uploads\/2021\/05\/cropped-logoNEA_crop_180_nowhite.jpg\",\"contentUrl\":\"https:\/\/nea.rs\/wp-content\/uploads\/2021\/05\/cropped-logoNEA_crop_180_nowhite.jpg\",\"width\":276,\"height\":154,\"caption\":\"Nacionalna ekolo\u0161ka asocijacija\"},\"image\":{\"@id\":\"https:\/\/nea.rs\/#\/schema\/logo\/image\/\"},\"sameAs\":[\"https:\/\/www.facebook.com\/NEASrbija\",\"https:\/\/x.com\/NEASrbija\",\"https:\/\/www.instagram.com\/neasrbija\/\",\"https:\/\/www.youtube.com\/channel\/UCxwdyhNFV-rjanyqj7JIFow\"]}]}<\/script>\n<!-- \/ Yoast SEO plugin. -->","yoast_head_json":{"title":"Prof. dr Dragana Jovanovi\u0107, lekar - Nacionalna ekolo\u0161ka asocijacija","robots":{"index":"index","follow":"follow","max-snippet":"max-snippet:-1","max-image-preview":"max-image-preview:large","max-video-preview":"max-video-preview:-1"},"canonical":"https:\/\/nea.rs\/index.php\/prof-dr-dragana-jovanovic-lekar\/","og_locale":"sr_RS","og_type":"article","og_title":"Prof. dr Dragana Jovanovi\u0107, lekar - Nacionalna ekolo\u0161ka asocijacija","og_description":"Redovni Profesor Interne medicine i Palijativne medicine Medicinskog fakulteta BU u penziji, doktor medicinskih nauka, specijalista pneumoftiziologije, supspecijalista pulmologije i (pulmo)onkologije, tvorac programa specijalizacije Palijativna&hellip;","og_url":"https:\/\/nea.rs\/index.php\/prof-dr-dragana-jovanovic-lekar\/","og_site_name":"Nacionalna ekolo\u0161ka asocijacija","article_publisher":"https:\/\/www.facebook.com\/NEASrbija","article_modified_time":"2021-05-05T18:00:36+00:00","og_image":[{"url":"https:\/\/nea.rs\/wp-content\/uploads\/2021\/05\/dragana_jovanovic-1.png","type":"","width":"","height":""}],"twitter_card":"summary_large_image","twitter_site":"@NEASrbija","twitter_misc":{"Procenjeno vreme \u010ditanja":"2 minuta"},"schema":{"@context":"https:\/\/schema.org","@graph":[{"@type":"WebPage","@id":"https:\/\/nea.rs\/index.php\/prof-dr-dragana-jovanovic-lekar\/","url":"https:\/\/nea.rs\/index.php\/prof-dr-dragana-jovanovic-lekar\/","name":"Prof. dr Dragana Jovanovi\u0107, lekar - Nacionalna ekolo\u0161ka asocijacija","isPartOf":{"@id":"https:\/\/nea.rs\/#website"},"primaryImageOfPage":{"@id":"https:\/\/nea.rs\/index.php\/prof-dr-dragana-jovanovic-lekar\/#primaryimage"},"image":{"@id":"https:\/\/nea.rs\/index.php\/prof-dr-dragana-jovanovic-lekar\/#primaryimage"},"thumbnailUrl":"https:\/\/nea.rs\/wp-content\/uploads\/2021\/05\/dragana_jovanovic-1.png","datePublished":"2021-05-04T06:46:25+00:00","dateModified":"2021-05-05T18:00:36+00:00","breadcrumb":{"@id":"https:\/\/nea.rs\/index.php\/prof-dr-dragana-jovanovic-lekar\/#breadcrumb"},"inLanguage":"sr-RS","potentialAction":[{"@type":"ReadAction","target":["https:\/\/nea.rs\/index.php\/prof-dr-dragana-jovanovic-lekar\/"]}]},{"@type":"ImageObject","inLanguage":"sr-RS","@id":"https:\/\/nea.rs\/index.php\/prof-dr-dragana-jovanovic-lekar\/#primaryimage","url":"https:\/\/nea.rs\/wp-content\/uploads\/2021\/05\/dragana_jovanovic-1.png","contentUrl":"https:\/\/nea.rs\/wp-content\/uploads\/2021\/05\/dragana_jovanovic-1.png","width":90,"height":105,"caption":"Dragana Jovanovi\u0107"},{"@type":"BreadcrumbList","@id":"https:\/\/nea.rs\/index.php\/prof-dr-dragana-jovanovic-lekar\/#breadcrumb","itemListElement":[{"@type":"ListItem","position":1,"name":"Po\u010detna","item":"https:\/\/nea.rs\/"},{"@type":"ListItem","position":2,"name":"Prof. dr Dragana Jovanovi\u0107, lekar"}]},{"@type":"WebSite","@id":"https:\/\/nea.rs\/#website","url":"https:\/\/nea.rs\/","name":"Nacionalna ekolo\u0161ka asocijacija","description":"","publisher":{"@id":"https:\/\/nea.rs\/#organization"},"potentialAction":[{"@type":"SearchAction","target":{"@type":"EntryPoint","urlTemplate":"https:\/\/nea.rs\/?s={search_term_string}"},"query-input":{"@type":"PropertyValueSpecification","valueRequired":true,"valueName":"search_term_string"}}],"inLanguage":"sr-RS"},{"@type":"Organization","@id":"https:\/\/nea.rs\/#organization","name":"Nacionalna ekolo\u0161ka asocijacija","url":"https:\/\/nea.rs\/","logo":{"@type":"ImageObject","inLanguage":"sr-RS","@id":"https:\/\/nea.rs\/#\/schema\/logo\/image\/","url":"https:\/\/nea.rs\/wp-content\/uploads\/2021\/05\/cropped-logoNEA_crop_180_nowhite.jpg","contentUrl":"https:\/\/nea.rs\/wp-content\/uploads\/2021\/05\/cropped-logoNEA_crop_180_nowhite.jpg","width":276,"height":154,"caption":"Nacionalna ekolo\u0161ka asocijacija"},"image":{"@id":"https:\/\/nea.rs\/#\/schema\/logo\/image\/"},"sameAs":["https:\/\/www.facebook.com\/NEASrbija","https:\/\/x.com\/NEASrbija","https:\/\/www.instagram.com\/neasrbija\/","https:\/\/www.youtube.com\/channel\/UCxwdyhNFV-rjanyqj7JIFow"]}]}},"jetpack_sharing_enabled":true,"_links":{"self":[{"href":"https:\/\/nea.rs\/index.php\/wp-json\/wp\/v2\/pages\/231","targetHints":{"allow":["GET"]}}],"collection":[{"href":"https:\/\/nea.rs\/index.php\/wp-json\/wp\/v2\/pages"}],"about":[{"href":"https:\/\/nea.rs\/index.php\/wp-json\/wp\/v2\/types\/page"}],"author":[{"embeddable":true,"href":"https:\/\/nea.rs\/index.php\/wp-json\/wp\/v2\/users\/1"}],"replies":[{"embeddable":true,"href":"https:\/\/nea.rs\/index.php\/wp-json\/wp\/v2\/comments?post=231"}],"version-history":[{"count":2,"href":"https:\/\/nea.rs\/index.php\/wp-json\/wp\/v2\/pages\/231\/revisions"}],"predecessor-version":[{"id":355,"href":"https:\/\/nea.rs\/index.php\/wp-json\/wp\/v2\/pages\/231\/revisions\/355"}],"wp:attachment":[{"href":"https:\/\/nea.rs\/index.php\/wp-json\/wp\/v2\/media?parent=231"}],"curies":[{"name":"wp","href":"https:\/\/api.w.org\/{rel}","templated":true}]}}