{"id":198,"date":"2021-05-03T21:19:03","date_gmt":"2021-05-03T21:19:03","guid":{"rendered":"https:\/\/nea.rs\/?page_id=198"},"modified":"2026-01-01T12:05:28","modified_gmt":"2026-01-01T12:05:28","slug":"nea","status":"publish","type":"page","link":"https:\/\/nea.rs\/","title":{"rendered":"Naslovna strana"},"content":{"rendered":"\n<h2 class=\"wp-block-heading has-text-align-center\">Vazduh 2025<\/h2>\n\n\n\n<p>Tradicionalno, Nacionalna ekolo\u0161ka asocijacija svakog 1. januara objavljuje analizu podataka iz dr\u017eavnog automatskog monitoringa kvaiteta vazduha, fokusiraju\u0107i se na prekora\u010denja grani\u010dnih vrednosti odnosno na trendove u odnosu na pro\u0161lu godinu. I ove godine, nastavljamo tu tradiciju, pred vama je izve\u0161taj o kvalitetu vazduha u Republici Srbiji u 2025. godini.<\/p>\n\n\n<a href=\"https:\/\/nea.rs\/wp-content\/uploads\/2026\/01\/NEA-Vazduh-2025.pdf\" class=\"pdfemb-viewer\" style=\"\" data-width=\"max\" data-height=\"max\"  data-toolbar=\"bottom\" data-toolbar-fixed=\"off\">NEA-Vazduh-2025<br\/><\/a>\n<p class=\"wp-block-pdfemb-pdf-embedder-viewer\"><\/p>\n\n\n\n<h2 class=\"wp-block-heading has-text-align-center\">Novi Zakon o za\u0161titi vazduha ne otklanja su\u0161tinske uzroke zaga\u0111enja &#8211; Proces izrade zakona je nezakonit i diskriminatoran<\/h2>\n\n\n\n<p><strong>Udru\u017eenja izra\u017eavaju ozbiljnu zabrinutost zbog nedovoljne transparentnosti i ograni\u010dene mogu\u0107nosti javnosti i stru\u010dnih aktera da u\u010destvuju u procesu izrade novog Zakona o za\u0161titi vazduha. Uprkos njegovom zna\u010daju za zdravlje i kvalitet \u017eivota gra\u0111ana Srbije, proces dono\u0161enja zakona nije sproveden u skladu sa va\u017ee\u0107im propisima, dok predlo\u017eene izmene ne re\u0161avaju klju\u010dne probleme u oblasti monitoringa kvaliteta vazduha, pravovremenog reagovanja na incidente, nadzora i sankcionisanja zaga\u0111iva\u010da.<\/strong><\/p>\n\n\n\n<p><strong>Nepo\u0161tovanje minimalnih standarda uklju\u010divanja javnosti<\/strong><\/p>\n\n\n\n<p>Javna rasprava o Nacrtu zakona, zapo\u010deta 15. januara 2025. godine, organizovana je uz po\u0161tovanje minimalnih standarda za uklju\u010divanje javnosti. Imaju\u0107i u vidu ozbiljnost problema zaga\u0111enja vazduha u Srbiji, smatramo da period od 20 dana nije dovoljan za sveobuhvatnu analizu i diskusiju o predlo\u017eenim re\u0161enjima i da organizovanje samo jedne, hibridne javne prezentacije u Beogradu nije dovoljno. Prema poslednjem izve\u0161taju o stanju kvaliteta vazduha u Srbiji, pripremljenom od strane Agencije za za\u0161titu \u017eivotne sredine, vazduh je prekomerno zaga\u0111en u vi\u0161e od 20 gradova i op\u0161tina \u0161irom Srbije, dok je prezentacija organizovana samo u Beogradu.<\/p>\n\n\n\n<p><strong>Nepravilnosti u vo\u0111enju procesa<\/strong><\/p>\n\n\n\n<p>Proces izrade Nacrta zakona zapo\u010det je u februaru 2024. godine, a u Radnoj grupi za njegovu izradu mesta su dobile samo dve organizacije civilnog dru\u0161tva, izabrane putem konkursa sa uslovima koji su unapred isklju\u010dili pojedina udru\u017eenja s dokazanom ekspertizom i dugogodi\u0161njim doprinosom u borbi za \u010dist vazduh. Na taj na\u010din, ve\u0107 u po\u010detnoj fazi izrade zakona, zainteresovana javnost bila je fakti\u010dki isklju\u010dena iz procesa.<\/p>\n\n\n\n<p>Dodatnu konfuziju izazvalo je i sprovo\u0111enje ranog javnog uvida, i to samo za deo Nacrta zakona u novembru 2024. godine. Do sada se nikada nije dogodilo da se konsultacije organizuju o delu zakona, dok se praksa javnog uvida primenjuje isklju\u010divo na dokumente prostornog i urbanisti\u010dkog planiranja. Proces konsultacija, kakav je predvi\u0111en u pripremi ovako zna\u010dajnog propisa, sproveden je suprotno propisima, a Ministarstvo za\u0161tite \u017eivotne sredine nije izradilo analizu efekata propisa, dok polazne osnove ne sadr\u017ee minimalne elemente propisane zakonom. Bilo je potrebno utvrditi i obrazlo\u017eiti probleme koji su doveli do postoje\u0107eg stanja, kako bi se iz takve analize izvukli odgovaraju\u0107i zaklju\u010dci, a potom preto\u010dili u zakonska re\u0161enja koja \u0107e doprineti otklanjanju problema. Iz analize koje je prilo\u017eena uz Nacrt zakona ne mo\u017ee se zaklju\u010diti \u0161ta su uzroci problema ve\u0107 su samo povr\u0161no obja\u0161njene posledice, bez utvr\u0111ivanja uzro\u010dno-posledi\u010dne veze.<\/p>\n\n\n\n<p><strong>Klju\u010dni problemi koji ostaju nere\u0161eni<\/strong><\/p>\n\n\n\n<p>Uprkos novom zakonskom okviru, neka od najva\u017enijih pitanja u oblasti za\u0161tite vazduha i dalje ostaju nere\u0161ena:<\/p>\n\n\n\n<pre class=\"wp-block-code\"><code>    1. Lokalni monitoring kvaliteta vazduha<\/code><\/pre>\n\n\n\n<p>Predlo\u017eeni Nacrt zakona i dalje omogu\u0107ava lokalnim samoupravama da samostalno uspostavljaju mre\u017ee za monitoring u skladu sa sopstvenim mogu\u0107nostima, \u0161to zna\u010di da ne\u0107e biti obavezuju\u0107eg, sveobuhvatnog i kontinuiranog pra\u0107enja svih zaga\u0111uju\u0107ih materija u vazduhu.<\/p>\n\n\n\n<pre class=\"wp-block-code\"><code>   2. Merenja posebne namene u hitnim situacijama<\/code><\/pre>\n\n\n\n<p>Novi zakon predvi\u0111a rok od \u010dak pet dana za nadle\u017ene organe da odlu\u010de da li \u0107e pokrenuti merenja posebne namene u slu\u010daju ekolo\u0161kih incidenata, poput po\u017eara na deponijama, a proces odlu\u010divanja nepotrebno komplikuje. U praksi, to zna\u010di da merenje mo\u017ee biti sprovedeno tek nakon \u0161to se elimini\u0161e izvor zaga\u0111enja, kada su koncentracije zaga\u0111uju\u0107ih materija ve\u0107 vra\u0107ene u dozvoljene granice.<\/p>\n\n\n\n<pre class=\"wp-block-code\"><code>   3. Nacionalni plan za smanjenje emisija<\/code><\/pre>\n\n\n\n<p>Predlo\u017eeno je brisanje odredaba koje defini\u0161u ovaj klju\u010dni instrument za smanjenje zaga\u0111enja iz termoelektrana. Ovaj predlog je naro\u010dito problemati\u010dan imaju\u0107i u vidu da termoelektrane ,,Elektroprivrede Srbije\u201d ve\u0107 sedam godina emituju \u010detiri do \u0161est puta vi\u0161e sumpor-dioksida od dozvoljenog \u010dime ugro\u017eavaju zdravlje gra\u0111ana.<\/p>\n\n\n\n<pre class=\"wp-block-code\"><code>   4. Nadzor i kaznene odredbe zakona<\/code><\/pre>\n\n\n\n<p>Propu\u0161tena je prilika da se propi\u0161u \u0161ira ovla\u0161\u0107enja inspekcije koja \u0107e joj omogu\u0107iti efikasno i preventivno delovanje. U praksi, inspekcija \u010desto propu\u0161ta da sprovede aktivnosti ukazuju\u0107i da nema nadle\u017enosti da deluje u skladu sa Zakon o za\u0161titi vazduha. Isto tako, ni represivni mehanizmi koji bi trebalo da se ogledaju u stro\u017eijim kaznama za zaga\u0111iva\u010de ne predvi\u0111aju sankcije za svako kr\u0161enje obaveze ni od strane operatera, a jo\u0161 manje od strane odgovornih lica u dr\u017eavnim organima. To zna\u010di da \u0107e se veliki broj obaveza koji imaju operateri i nadle\u017eni organi svesti samo na njihovu \u201cdobru volju\u201d, jer sankcija za nepostupanje nema.<\/p>\n\n\n\n<pre class=\"wp-block-code\"><code>   5. Zainteresovana javnost nije vi\u0161e zainteresovana<\/code><\/pre>\n\n\n\n<p>Iako odredbe prethodnog zakona, pored definicije pojma ,,zainteresovana javnost\u201d nisu dalje predvi\u0111ale prava i obaveze, nije opravdano da se ovaj pojam ukloni iz novog zakona, ve\u0107 je potrebno da se, upravo suprotno, ovim i posebnim zakonima, omogu\u0107i ostvarivanje prava na pristup pravdi i prava na u\u010de\u0161\u0107e u postupcima dono\u0161enja odluka zainteresovanoj javnosti, \u0161to je u\u010dinjeno u novoj Direktivi o kvalitetu vazduha EU.<\/p>\n\n\n\n<p><strong>Gra\u0111ani zaslu\u017euju bolji zakon<\/strong><\/p>\n\n\n\n<p>Gra\u0111anima i gra\u0111ankama Srbije potreban je zakon koji efikasno re\u0161ava probleme zaga\u0111enja vazduha, a ne zakon koji samo formalno zadovoljava zahteve za uskla\u0111ivanjem sa EU zakonodavstvom. Evropska unija je 2024. usvojila novu Direktivu o kvalitetu vazduha a Ministarstvo za\u0161ttie \u017eivotne sredine tek sada pred javnost stavlja novi zakon kojim se tek delimi\u010dno obezbe\u0111uje uskla\u0111enost sa Direktivom iz 2008. godine. Podaci o zaga\u0111enju i efektima po zdravlje ljudi dovoljno govore o tome \u0161ta je ura\u0111eno u prethodnih 16 godina.<\/p>\n\n\n\n<p>Potpisnice saop\u0161tenja:<\/p>\n\n\n\n<p>Beogradska otvorena \u0161kola, Beograd<\/p>\n\n\n\n<p>Regulatorni institut za obnovljivu energiju i \u017eivotnu sredinu, Beograd<\/p>\n\n\n\n<p>Dru\u0161tvo mladih istra\u017eiva\u010da, Bor<\/p>\n\n\n\n<p>Novi put, Kraljevo<\/p>\n\n\n\n<p>Lokalni odgovor, Valjevo<\/p>\n\n\n\n<p>Tim 42, Leskovac<\/p>\n\n\n\n<p>Alternativa za bezbednije hemikalije (ALHem), Beograd<\/p>\n\n\n\n<p>Centar za unapre\u0111enje \u017eivotne sredine, Beograd<\/p>\n\n\n\n<p>Centar modernih ve\u0161tina, Beograd<\/p>\n\n\n\n<p>Centar za zelene politike, Beograd<\/p>\n\n\n\n<p>In\u017eenjeri za\u0161tite \u017eivotne sredine, Novi Sad<\/p>\n\n\n\n<p>Ministarstvo prostora, Beograd<\/p>\n\n\n\n<p>Mladi istra\u017eiva\u010di Srbije, Beograd<\/p>\n\n\n\n<p>Nacionalna ekolo\u0161ka asocijacija, Beograd<\/p>\n\n\n\n<p>Nova planska praksa, Beograd<\/p>\n\n\n\n<p>Kraljeva\u010dki razvojni centar, Kraljevo<\/p>\n\n\n\n<p>Regionalna asocijacija vlsnika privatnih \u0161uma &#8222;Omorika&#8220;, Priboj<\/p>\n\n\n\n<p>RES fondacija, Beograd<\/p>\n\n\n\n<p>Zeleni talas, \u010ca\u010dak<\/p>\n\n\n\n<p>WWF Adria &#8211; Srbija, Beograd<\/p>\n\n\n\n<h1 class=\"wp-block-heading has-text-align-center has-huge-font-size\"><strong>Na\u0161 cilj je \u010dista Srbija.<\/strong><\/h1>\n\n\n\n<h2 class=\"wp-block-heading has-text-align-center\">Na\u0161a misija je neprestana institucionalna, nau\u010dna i aktivisti\u010dka borba da bi se ti ciljevi ostvarili.<\/h2>\n\n\n\n<p class=\"has-text-align-center\">Zaga\u0111en vazduh, kanalisane i zatrovane povr\u0161inske i podzemne vode, kontaminirano zemlji\u0161te, odnosno nedopustiv nivo zaga\u0111enja svih medija \u017eivotne sredine u Srbiji \u2013 to je realnost koju moramo promeniti. \u017divoti gra\u0111ana i njihovo zdravlje su svakodnevno ugro\u017eeni. Promena ovog stanja je obaveza i odgovornost svakog gra\u0111anina na\u0161e zemlje, posebno stru\u010dnjaka, to je zakonska i ustavna obaveza obaveza na\u0161e dr\u017eave, to je obaveza i svih investitora koji posluju u na\u0161oj zemlji.<\/p>\n\n\n\n<p class=\"has-text-align-center\">Svim gra\u0111anima Republike Srbije su jam\u010dena prava na zdravu \u017eivotnu sredinu Ustavom, zakonima i me\u0111unarodnim konvencijama. To je civilizacijska tekovina koju smo kao dru\u0161tvo dosegnuli i koja je nu\u017ean preduslov kvalitetnog i dostojanstvenog \u017eivota svakog gra\u0111anina ove zemlje.<\/p>\n\n\n\n<p class=\"has-text-align-center\"><strong>Vazduh koji di\u0161emo mora biti \u010dist i bezopasan.<\/strong><\/p>\n\n\n\n<p class=\"has-text-align-center\"><strong>Na\u0161e reke i jezera moraju biti \u010disti,<br>pitke vode mora biti za sve.<\/strong><\/p>\n\n\n\n<p class=\"has-text-align-center\"><strong>Na\u0161e zemlji\u0161te, koje nas hrani mora biti<br>dekontaminirano.<\/strong><\/p>\n\n\n\n<p class=\"has-text-align-center\">\u010cista Srbija je istorijsko pravo i civilizacijska obaveza svakoga od nas, obaveza prema nama samima a jo\u0161 vi\u0161e prema generacijama koje dolaze, ujedinjenih organizacija civilnog dru\u0161tva, inicijativa, pokreta, neformalnih grupa i slobodnih gra\u0111ana Republike Srbije.<\/p>\n\n\n\n<div class=\"wp-block-columns alignwide are-vertically-aligned-bottom is-layout-flex wp-container-core-columns-is-layout-9d6595d7 wp-block-columns-is-layout-flex\">\n<div class=\"wp-block-column is-vertically-aligned-bottom is-layout-flow wp-block-column-is-layout-flow\" style=\"flex-basis:100%\">\n<div class=\"wp-block-columns is-layout-flex wp-container-core-columns-is-layout-9d6595d7 wp-block-columns-is-layout-flex\">\n<div class=\"wp-block-column is-layout-flow wp-block-column-is-layout-flow\">\n<figure class=\"wp-block-image size-large is-style-default\"><a href=\"https:\/\/xeco.info\/xeco\/polen\/\"><img loading=\"lazy\" decoding=\"async\" width=\"900\" height=\"900\" src=\"https:\/\/nea.rs\/wp-content\/uploads\/2021\/06\/Screenshot_2.png\" alt=\"\" class=\"wp-image-538\" srcset=\"https:\/\/nea.rs\/wp-content\/uploads\/2021\/06\/Screenshot_2.png 900w, https:\/\/nea.rs\/wp-content\/uploads\/2021\/06\/Screenshot_2-768x768.png 768w\" sizes=\"auto, (max-width: 900px) 100vw, 900px\" \/><\/a><\/figure>\n\n\n\n<p class=\"has-text-align-center\"><a href=\"https:\/\/xeco.info\/xeco\/polen\/\" target=\"_blank\" rel=\"noreferrer noopener\">Aplikacija xEco Polen<\/a><br>na jednostavan i prijem\u010div na\u010din prikazuje podatke o koncentracijama polena 26 alergenih vrsta na 27 lokacija u Republici Srbiji.<\/p>\n\n\n\n<p style=\"text-align: center;\"><a href=\"https:\/\/play.google.com\/store\/apps\/details?id=info.xeco.twa&amp;pcampaignid=pcampaignidMKT-Other-global-all-co-prtnr-py-PartBadge-Mar2515-1\"><img decoding=\"async\" style=\"width: 127px;\" src=\"https:\/\/play.google.com\/intl\/en_us\/badges\/static\/images\/badges\/sr_badge_web_generic.png\" alt=\"\u041d\u0430\u0431\u0430\u0432\u0438\u0442\u0435 \u043d\u0430 Google Play\"><\/a><br><a href=\"\/\/www.microsoft.com\/store\/apps\/9MX5TVSL62MM?cid=storebadge&amp;ocid=badge\"><img decoding=\"async\" src=\"https:\/\/developer.microsoft.com\/store\/badges\/images\/Serbian_get_L.png\" alt=\"Serbian badge\" style=\"width: 110px; height: 36px;\"><\/a><\/p>\n<\/div>\n\n\n\n<div class=\"wp-block-column is-layout-flow wp-block-column-is-layout-flow\">\n<figure class=\"wp-block-image size-full\"><img loading=\"lazy\" decoding=\"async\" width=\"899\" height=\"898\" src=\"https:\/\/nea.rs\/wp-content\/uploads\/2021\/12\/xEcoVazduhsquare.png\" alt=\"\" class=\"wp-image-906\" srcset=\"https:\/\/nea.rs\/wp-content\/uploads\/2021\/12\/xEcoVazduhsquare.png 899w, https:\/\/nea.rs\/wp-content\/uploads\/2021\/12\/xEcoVazduhsquare-768x767.png 768w\" sizes=\"auto, (max-width: 899px) 100vw, 899px\" \/><\/figure>\n\n\n\n<p class=\"has-text-align-center\"><a href=\"https:\/\/xeco.info\/xeco\/vazduh\/\" target=\"_blank\" rel=\"noreferrer noopener\">Aplikacija xEco Vazduh<\/a> 4.0 &#8211; <span class=\"tadv-color\" style=\"color:#cf2e2e\">NOVA VERZIJA<\/span>!<br>prikazuje kvalitet vazduha u realnom vremenu prema kriterijumima Evropske agencije za \u017eivotnu sredinu, uporedo sa grani\u010dnim vrednostima definisanim zakonom i standardima Svetske zdravstvene organizacije<\/p>\n\n\n\n<p style=\"text-align: center;\"><a href=\"https:\/\/play.google.com\/store\/apps\/details?id=info.xeco.twa&amp;pcampaignid=pcampaignidMKT-Other-global-all-co-prtnr-py-PartBadge-Mar2515-1\"><img decoding=\"async\" style=\"width: 127px;\" src=\"https:\/\/play.google.com\/intl\/en_us\/badges\/static\/images\/badges\/sr_badge_web_generic.png\" alt=\"\u041d\u0430\u0431\u0430\u0432\u0438\u0442\u0435 \u043d\u0430 Google Play\"><\/a><br><a href=\"\/\/www.microsoft.com\/store\/apps\/9MX5TVSL62MM?cid=storebadge&amp;ocid=badge\"><img decoding=\"async\" src=\"https:\/\/developer.microsoft.com\/store\/badges\/images\/Serbian_get_L.png\" alt=\"Serbian badge\" style=\"width: 110px; height: 36px;\"><\/a><\/p>\n<\/div>\n\n\n\n<div class=\"wp-block-column is-layout-flow wp-block-column-is-layout-flow\">\n<figure class=\"wp-block-image size-full\"><img loading=\"lazy\" decoding=\"async\" width=\"899\" height=\"899\" src=\"https:\/\/nea.rs\/wp-content\/uploads\/2021\/11\/screenshotodzak-900x900-1.png\" alt=\"\" class=\"wp-image-832\" srcset=\"https:\/\/nea.rs\/wp-content\/uploads\/2021\/11\/screenshotodzak-900x900-1.png 899w, https:\/\/nea.rs\/wp-content\/uploads\/2021\/11\/screenshotodzak-900x900-1-768x768.png 768w\" sizes=\"auto, (max-width: 899px) 100vw, 899px\" \/><\/figure>\n\n\n\n<p class=\"has-text-align-center\"><a href=\"https:\/\/xeco.info\/xeco\/odzak\/\">Aplikacija xEco Od\u017eak<\/a> 2.0 &#8211; <span class=\"tadv-color\" style=\"color:#cf2e2e\">NOVA VERZIJA<\/span>!<br>prikazuje srednje vrednosti emisija zaga\u0111uju\u0107ih materija u vazduh, na osnovu petogodi\u0161njeg proseka u periodu 2019-2023. godina<\/p>\n\n\n\n<p style=\"text-align: center;\"><a href=\"https:\/\/play.google.com\/store\/apps\/details?id=odzak.xeco.twa&amp;pcampaignid=pcampaignidMKT-Other-global-all-co-prtnr-py-PartBadge-Mar2515-1\"><img decoding=\"async\" style=\"width: 127px;\" src=\"https:\/\/play.google.com\/intl\/en_us\/badges\/static\/images\/badges\/sr_badge_web_generic.png\" alt=\"\u041d\u0430\u0431\u0430\u0432\u0438\u0442\u0435 \u043d\u0430 Google Play\"><\/a><br><a href=\"\/\/www.microsoft.com\/store\/apps\/9MX5TVSL62MM?cid=storebadge&amp;ocid=badge\"><img decoding=\"async\" src=\"https:\/\/developer.microsoft.com\/store\/badges\/images\/Serbian_get_L.png\" alt=\"Serbian badge\" style=\"width: 110px; height: 36px;\"><\/a><\/p>\n<\/div>\n<\/div>\n\n\n\n<p><\/p>\n<\/div>\n<\/div>\n\n\n\n<hr class=\"wp-block-separator has-css-opacity\"\/>\n\n\n<ul class=\"wp-block-latest-posts__list is-grid columns-3 has-dates a {font-size:150%}  wp-block-latest-posts\"><li><a class=\"wp-block-latest-posts__post-title\" href=\"https:\/\/nea.rs\/index.php\/2026\/01\/01\/vazduh-2025\/\">Vazduh 2025<\/a><time datetime=\"2026-01-01T12:08:47+00:00\" class=\"wp-block-latest-posts__post-date\">1. januar 2026.<\/time><div class=\"wp-block-latest-posts__post-excerpt\">Tradicionalno, Nacionalna ekolo\u0161ka asocijacija svakog 1. januara objavljuje analizu podataka iz dr\u017eavnog automatskog monitoringa kvaiteta vazduha, fokusiraju\u0107i se na prekora\u010denja grani\u010dnih vrednosti odnosno na trendove u odnosu na pro\u0161lu godinu. I ove godine, nastavljamo tu tradiciju, pred vama je izve\u0161taj o kvalitetu vazduha u Republici&hellip;<\/div><\/li>\n<li><a class=\"wp-block-latest-posts__post-title\" href=\"https:\/\/nea.rs\/index.php\/2025\/02\/05\/novi-zakon-o-zastiti-vazduha-ne-otklanja-sustinske-uzroke-zagadjenja-proces-izrade-zakona-je-nezakonit-i-diskriminatoran\/\">Novi Zakon o za\u0161titi vazduha ne otklanja su\u0161tinske uzroke zaga\u0111enja &#8211; Proces izrade zakona je nezakonit i diskriminatoran<\/a><time datetime=\"2025-02-05T09:19:29+00:00\" class=\"wp-block-latest-posts__post-date\">5. februar 2025.<\/time><div class=\"wp-block-latest-posts__post-excerpt\">Udru\u017eenja izra\u017eavaju ozbiljnu zabrinutost zbog nedovoljne transparentnosti i ograni\u010dene mogu\u0107nosti javnosti i stru\u010dnih aktera da u\u010destvuju u procesu izrade novog Zakona o za\u0161titi vazduha. Uprkos njegovom zna\u010daju za zdravlje i kvalitet \u017eivota gra\u0111ana Srbije, proces dono\u0161enja zakona nije sproveden u skladu sa va\u017ee\u0107im propisima, dok&hellip;<\/div><\/li>\n<li><a class=\"wp-block-latest-posts__post-title\" href=\"https:\/\/nea.rs\/index.php\/2025\/02\/02\/uticaj-aero-zagadjenja-na-stanovnike-valjeva-leskovca-i-novog-pazara\/\">Uticaj aero-zaga\u0111enja na stanovnike Valjeva, Leskovca i Novog Pazara<\/a><time datetime=\"2025-02-02T17:00:01+00:00\" class=\"wp-block-latest-posts__post-date\">2. februar 2025.<\/time><div class=\"wp-block-latest-posts__post-excerpt\">Predstavnici Stru\u010dnog saveta Nacionalne ekolo\u0161ke asocijacije pru\u017eili su stru\u010dnu podr\u0161ku organizacijama civilnog dru\u0161tva u EKOblok mre\u017ei i doprineli pripremi i objavljivanju publikacije &#8222;Uticaj aero-zaga\u0111enja na stanovnike Valjeva, Leskovca i Novog Pazara&#8220;. Do sada su u Srbiji sprovo\u0111ena razli\u010dita istra\u017eivanja, ali su posebnu pa\u017enju javnosti privukli&hellip;<\/div><\/li>\n<li><a class=\"wp-block-latest-posts__post-title\" href=\"https:\/\/nea.rs\/index.php\/2025\/01\/01\/izvestaj-vazduh-2024\/\">Izve\u0161taj Vazduh 2024<\/a><time datetime=\"2025-01-01T11:53:11+00:00\" class=\"wp-block-latest-posts__post-date\">1. januar 2025.<\/time><div class=\"wp-block-latest-posts__post-excerpt\">Tradicionalno, Nacionalna ekolo\u0161ka asocijacija svakog 1. januara objavljuje analizu podataka iz dr\u017eavnog automatskog monitoringa kvaliteta vazduha, fokusiraju\u0107i se na prekora\u010denja grani\u010dnih vrednosti odnosno na trendove u odnosu na pro\u0161lu godinu. I ove godine, nastavljamo tu tradiciju, pred vama je izve\u0161taj o kvalitetu vazduha u Republici&hellip;<\/div><\/li>\n<li><a class=\"wp-block-latest-posts__post-title\" href=\"https:\/\/nea.rs\/index.php\/2024\/09\/25\/sta-nam-izvestaj-o-kvalitetu-vazduha-ne-govori-broj-prevremenih-smrti-u-srbiji-premasuje-17-500-godisnje\/\">\u0160ta nam izve\u0161taj o kvalitetu vazduha ne govori: Broj prevremenih smrti u Srbiji prema\u0161uje 17.500 godi\u0161nje<\/a><time datetime=\"2024-09-25T05:58:39+00:00\" class=\"wp-block-latest-posts__post-date\">25. septembar 2024.<\/time><div class=\"wp-block-latest-posts__post-excerpt\">Milenko Jovanovi\u0107 i Elizbaet Paunovi\u0107 na tribini posve\u0107enoj novom Izve\u0161taju o kvalitetu vazduha u Republici Srbiji u 2023. godini: \u201cNe treba se govoriti da li je \u2018vazduh bolji\u2019, ve\u0107 da li su primenjene mere smanjile stopu smrtnosti. Prema procenama, broj prevremenih smrti u Srbiji prema\u0161uje&hellip;<\/div><\/li>\n<li><a class=\"wp-block-latest-posts__post-title\" href=\"https:\/\/nea.rs\/index.php\/2024\/09\/24\/debata-o-kvalitetu-vode-za-pice-na-tv-insajder\/\">Debata o kvalitetu vode za pi\u0107e na TV Insajder<\/a><time datetime=\"2024-09-24T07:26:40+00:00\" class=\"wp-block-latest-posts__post-date\">24. septembar 2024.<\/time><div class=\"wp-block-latest-posts__post-excerpt\">Kako se Srbija na\u0161la pred gotovo Hamletovskim pitanjem: PITI ILI NE PITI VODU? Tema je o kojoj su sa Suzanom Trnini\u0107 razgovarati ekspertima: prof. Gordanom Subakov Simi\u0107, dr Elizabet Paunovi\u0107, dipl. in\u017e. Branislavom Bo\u017eovi\u0107em i Sla\u0111anom Stankovi\u0107. Gospo\u0111a Paunovi\u0107 i gospodin Bo\u017eovi\u0107 su \u010dlanovi stru\u010dnog&hellip;<\/div><\/li>\n<li><a class=\"wp-block-latest-posts__post-title\" href=\"https:\/\/nea.rs\/index.php\/2024\/07\/24\/sve-o-zagadjenju-vazduha-u-srbiji\/\">Sve o zaga\u0111enju vazduha u Srbiji<\/a><time datetime=\"2024-07-24T07:30:42+00:00\" class=\"wp-block-latest-posts__post-date\">24. jul 2024.<\/time><div class=\"wp-block-latest-posts__post-excerpt\">\u010clanica stru\u010dnog saveta i osniva\u010d Nacionalne Ekolo\u0161ke asocijacije, dr Elizabet Paunovi\u0107 i Milenko Jovanovi\u0107 o zaga\u0111enju vazduha u &#8222;Podkastu o tebi&#8220;.<\/div><\/li>\n<li><a class=\"wp-block-latest-posts__post-title\" href=\"https:\/\/nea.rs\/index.php\/2024\/01\/01\/saopstenje-nacionalne-ekoloske-asocijacije-o-kvalitetu-vazduha-u-republici-srbiji-u-2023-godini\/\">Saop\u0161tenje Nacionalne ekolo\u0161ke asocijacije o kvalitetu vazduha u Republici Srbiji u 2023. godini<\/a><time datetime=\"2024-01-01T16:50:24+00:00\" class=\"wp-block-latest-posts__post-date\">1. januar 2024.<\/time><div class=\"wp-block-latest-posts__post-excerpt\"><\/div><\/li>\n<li><a class=\"wp-block-latest-posts__post-title\" href=\"https:\/\/nea.rs\/index.php\/2024\/01\/01\/saopstenje-nacionalne-ekoloske-asocijacije-o-kvalitetu-vazduha-urepublici-srbiji-u-2023-godini\/\">Saop\u0161tenje Nacionalne ekolo\u0161ke asocijacije o kvalitetu vazduha uRepublici Srbiji u 2023. godini<\/a><time datetime=\"2024-01-01T07:32:29+00:00\" class=\"wp-block-latest-posts__post-date\">1. januar 2024.<\/time><div class=\"wp-block-latest-posts__post-excerpt\"><\/div><\/li>\n<\/ul>\n\n\n<hr class=\"wp-block-separator has-css-opacity alignwide\"\/>\n\n\n<style type=\"text\/css\">\r\n\t#foogallery-gallery-317 .fg-image {\r\n        width: 64px;\r\n    }\r\n<\/style>\r\n\t\t\t\t<div class=\"foogallery foogallery-container foogallery-default foogallery-lightbox-foogallery fg-gutter-10 fg-center fg-default fg-light fg-border-thin fg-shadow-outline fg-loading-default fg-loaded-fade-in fg-hover-fade fg-light-overlays fg-ready\" id=\"foogallery-gallery-317\" data-foogallery=\"{&quot;item&quot;:{&quot;showCaptionTitle&quot;:true,&quot;showCaptionDescription&quot;:true},&quot;lazy&quot;:true}\" >\r\n\t<div class=\"fg-item fg-type-image fg-idle\"><figure class=\"fg-item-inner\"><a data-caption-title=\"Za\u0161ti\u0107ena podru\u010dja\" data-attachment-id=\"104\" class=\"fg-thumb\"><span class=\"fg-image-wrap\"><img decoding=\"async\" title=\"Za\u0161ti\u0107ena podru\u010dja\" width=\"64\" height=\"64\" class=\"skip-lazy fg-image\" data-src-fg=\"https:\/\/nea.rs\/wp-content\/uploads\/cache\/2021\/05\/zasticena_podrucja\/2266094549.png\" src=\"data:image\/svg+xml,%3Csvg%20xmlns%3D%22http%3A%2F%2Fwww.w3.org%2F2000%2Fsvg%22%20width%3D%2264%22%20height%3D%2264%22%20viewBox%3D%220%200%2064%2064%22%3E%3C%2Fsvg%3E\" loading=\"eager\"><\/span><span class=\"fg-image-overlay\"><\/span><\/a><figcaption class=\"fg-caption\"><div class=\"fg-caption-inner\"><div class=\"fg-caption-title\">Za\u0161ti\u0107ena podru\u010dja<\/div><\/div><\/figcaption><\/figure><div class=\"fg-loader\"><\/div><\/div><div class=\"fg-item fg-type-image fg-idle\"><figure class=\"fg-item-inner\"><a data-caption-title=\"\u017divotna sredina i zdravlje\" data-attachment-id=\"102\" class=\"fg-thumb\"><span class=\"fg-image-wrap\"><img decoding=\"async\" title=\"\u017divotna sredina i zdravlje\" width=\"64\" height=\"64\" class=\"skip-lazy fg-image\" data-src-fg=\"https:\/\/nea.rs\/wp-content\/uploads\/cache\/2021\/05\/uticaj_na_zdravlje\/1177028066.png\" src=\"data:image\/svg+xml,%3Csvg%20xmlns%3D%22http%3A%2F%2Fwww.w3.org%2F2000%2Fsvg%22%20width%3D%2264%22%20height%3D%2264%22%20viewBox%3D%220%200%2064%2064%22%3E%3C%2Fsvg%3E\" loading=\"eager\"><\/span><span class=\"fg-image-overlay\"><\/span><\/a><figcaption class=\"fg-caption\"><div class=\"fg-caption-inner\"><div class=\"fg-caption-title\">\u017divotna sredina i zdravlje<\/div><\/div><\/figcaption><\/figure><div class=\"fg-loader\"><\/div><\/div><div class=\"fg-item fg-type-image fg-idle\"><figure class=\"fg-item-inner\"><a data-caption-title=\"Voda za pi\u0107e\" data-attachment-id=\"103\" class=\"fg-thumb\"><span class=\"fg-image-wrap\"><img decoding=\"async\" title=\"Voda za pi\u0107e\" width=\"64\" height=\"64\" class=\"skip-lazy fg-image\" data-src-fg=\"https:\/\/nea.rs\/wp-content\/uploads\/cache\/2021\/05\/voda_za_pice\/2247355361.png\" src=\"data:image\/svg+xml,%3Csvg%20xmlns%3D%22http%3A%2F%2Fwww.w3.org%2F2000%2Fsvg%22%20width%3D%2264%22%20height%3D%2264%22%20viewBox%3D%220%200%2064%2064%22%3E%3C%2Fsvg%3E\" loading=\"eager\"><\/span><span class=\"fg-image-overlay\"><\/span><\/a><figcaption class=\"fg-caption\"><div class=\"fg-caption-inner\"><div class=\"fg-caption-title\">Voda za pi\u0107e<\/div><\/div><\/figcaption><\/figure><div class=\"fg-loader\"><\/div><\/div><div class=\"fg-item fg-type-image fg-idle\"><figure class=\"fg-item-inner\"><a data-attachment-id=\"101\" class=\"fg-thumb\"><span class=\"fg-image-wrap\"><img decoding=\"async\" width=\"64\" height=\"64\" class=\"skip-lazy fg-image\" data-src-fg=\"https:\/\/nea.rs\/wp-content\/uploads\/cache\/2021\/05\/stanje_tla\/2279958003.png\" src=\"data:image\/svg+xml,%3Csvg%20xmlns%3D%22http%3A%2F%2Fwww.w3.org%2F2000%2Fsvg%22%20width%3D%2264%22%20height%3D%2264%22%20viewBox%3D%220%200%2064%2064%22%3E%3C%2Fsvg%3E\" loading=\"eager\"><\/span><span class=\"fg-image-overlay\"><\/span><\/a><figcaption class=\"fg-caption\"><div class=\"fg-caption-inner\"><\/div><\/figcaption><\/figure><div class=\"fg-loader\"><\/div><\/div><div class=\"fg-item fg-type-image fg-idle\"><figure class=\"fg-item-inner\"><a data-caption-title=\"Upravjanje otpadom\" data-attachment-id=\"100\" class=\"fg-thumb\"><span class=\"fg-image-wrap\"><img decoding=\"async\" title=\"Upravjanje otpadom\" width=\"64\" height=\"64\" class=\"skip-lazy fg-image\" data-src-fg=\"https:\/\/nea.rs\/wp-content\/uploads\/cache\/2021\/05\/otpad\/601227522.png\" src=\"data:image\/svg+xml,%3Csvg%20xmlns%3D%22http%3A%2F%2Fwww.w3.org%2F2000%2Fsvg%22%20width%3D%2264%22%20height%3D%2264%22%20viewBox%3D%220%200%2064%2064%22%3E%3C%2Fsvg%3E\" loading=\"eager\"><\/span><span class=\"fg-image-overlay\"><\/span><\/a><figcaption class=\"fg-caption\"><div class=\"fg-caption-inner\"><div class=\"fg-caption-title\">Upravjanje otpadom<\/div><\/div><\/figcaption><\/figure><div class=\"fg-loader\"><\/div><\/div><div class=\"fg-item fg-type-image fg-idle\"><figure class=\"fg-item-inner\"><a data-caption-title=\"Obnovljivi izvori\" data-attachment-id=\"99\" class=\"fg-thumb\"><span class=\"fg-image-wrap\"><img decoding=\"async\" title=\"Obnovljivi izvori\" width=\"64\" height=\"64\" class=\"skip-lazy fg-image\" data-src-fg=\"https:\/\/nea.rs\/wp-content\/uploads\/cache\/2021\/05\/obnovljivi_izvori\/3915318775.png\" src=\"data:image\/svg+xml,%3Csvg%20xmlns%3D%22http%3A%2F%2Fwww.w3.org%2F2000%2Fsvg%22%20width%3D%2264%22%20height%3D%2264%22%20viewBox%3D%220%200%2064%2064%22%3E%3C%2Fsvg%3E\" loading=\"eager\"><\/span><span class=\"fg-image-overlay\"><\/span><\/a><figcaption class=\"fg-caption\"><div class=\"fg-caption-inner\"><div class=\"fg-caption-title\">Obnovljivi izvori<\/div><\/div><\/figcaption><\/figure><div class=\"fg-loader\"><\/div><\/div><div class=\"fg-item fg-type-image fg-idle\"><figure class=\"fg-item-inner\"><a data-attachment-id=\"97\" class=\"fg-thumb\"><span class=\"fg-image-wrap\"><img decoding=\"async\" width=\"64\" height=\"64\" class=\"skip-lazy fg-image\" data-src-fg=\"https:\/\/nea.rs\/wp-content\/uploads\/cache\/2021\/05\/kvalitet_voda\/345945687.png\" src=\"data:image\/svg+xml,%3Csvg%20xmlns%3D%22http%3A%2F%2Fwww.w3.org%2F2000%2Fsvg%22%20width%3D%2264%22%20height%3D%2264%22%20viewBox%3D%220%200%2064%2064%22%3E%3C%2Fsvg%3E\" loading=\"eager\"><\/span><span class=\"fg-image-overlay\"><\/span><\/a><figcaption class=\"fg-caption\"><div class=\"fg-caption-inner\"><\/div><\/figcaption><\/figure><div class=\"fg-loader\"><\/div><\/div><div class=\"fg-item fg-type-image fg-idle\"><figure class=\"fg-item-inner\"><a data-caption-title=\"Nejonizuju\u0107e zra\u010denje\" data-attachment-id=\"98\" class=\"fg-thumb\"><span class=\"fg-image-wrap\"><img decoding=\"async\" title=\"Nejonizuju\u0107e zra\u010denje\" width=\"64\" height=\"64\" class=\"skip-lazy fg-image\" data-src-fg=\"https:\/\/nea.rs\/wp-content\/uploads\/cache\/2021\/05\/nejonizujuce_zracenje\/1056739088.png\" src=\"data:image\/svg+xml,%3Csvg%20xmlns%3D%22http%3A%2F%2Fwww.w3.org%2F2000%2Fsvg%22%20width%3D%2264%22%20height%3D%2264%22%20viewBox%3D%220%200%2064%2064%22%3E%3C%2Fsvg%3E\" loading=\"eager\"><\/span><span class=\"fg-image-overlay\"><\/span><\/a><figcaption class=\"fg-caption\"><div class=\"fg-caption-inner\"><div class=\"fg-caption-title\">Nejonizuju\u0107e zra\u010denje<\/div><\/div><\/figcaption><\/figure><div class=\"fg-loader\"><\/div><\/div><div class=\"fg-item fg-type-image fg-idle\"><figure class=\"fg-item-inner\"><a data-caption-title=\"Kvalitet vazduha\" data-attachment-id=\"96\" class=\"fg-thumb\"><span class=\"fg-image-wrap\"><img decoding=\"async\" title=\"Kvalitet vazduha\" width=\"64\" height=\"64\" class=\"skip-lazy fg-image\" data-src-fg=\"https:\/\/nea.rs\/wp-content\/uploads\/cache\/2021\/05\/kvalitet_vazduha\/872790658.png\" src=\"data:image\/svg+xml,%3Csvg%20xmlns%3D%22http%3A%2F%2Fwww.w3.org%2F2000%2Fsvg%22%20width%3D%2264%22%20height%3D%2264%22%20viewBox%3D%220%200%2064%2064%22%3E%3C%2Fsvg%3E\" loading=\"eager\"><\/span><span class=\"fg-image-overlay\"><\/span><\/a><figcaption class=\"fg-caption\"><div class=\"fg-caption-inner\"><div class=\"fg-caption-title\">Kvalitet vazduha<\/div><\/div><\/figcaption><\/figure><div class=\"fg-loader\"><\/div><\/div><div class=\"fg-item fg-type-image fg-idle\"><figure class=\"fg-item-inner\"><a data-attachment-id=\"95\" class=\"fg-thumb\"><span class=\"fg-image-wrap\"><img decoding=\"async\" width=\"64\" height=\"64\" class=\"skip-lazy fg-image\" data-src-fg=\"https:\/\/nea.rs\/wp-content\/uploads\/cache\/2021\/05\/kontaminirane_lokacije\/1808829591.png\" src=\"data:image\/svg+xml,%3Csvg%20xmlns%3D%22http%3A%2F%2Fwww.w3.org%2F2000%2Fsvg%22%20width%3D%2264%22%20height%3D%2264%22%20viewBox%3D%220%200%2064%2064%22%3E%3C%2Fsvg%3E\" loading=\"eager\"><\/span><span class=\"fg-image-overlay\"><\/span><\/a><figcaption class=\"fg-caption\"><div class=\"fg-caption-inner\"><\/div><\/figcaption><\/figure><div class=\"fg-loader\"><\/div><\/div><div class=\"fg-item fg-type-image fg-idle\"><figure class=\"fg-item-inner\"><a data-caption-title=\"Klimatske promene\" data-attachment-id=\"94\" class=\"fg-thumb\"><span class=\"fg-image-wrap\"><img decoding=\"async\" title=\"Klimatske promene\" width=\"64\" height=\"64\" class=\"skip-lazy fg-image\" data-src-fg=\"https:\/\/nea.rs\/wp-content\/uploads\/cache\/2021\/05\/klimatske_promene\/2023934827.png\" src=\"data:image\/svg+xml,%3Csvg%20xmlns%3D%22http%3A%2F%2Fwww.w3.org%2F2000%2Fsvg%22%20width%3D%2264%22%20height%3D%2264%22%20viewBox%3D%220%200%2064%2064%22%3E%3C%2Fsvg%3E\" loading=\"eager\"><\/span><span class=\"fg-image-overlay\"><\/span><\/a><figcaption class=\"fg-caption\"><div class=\"fg-caption-inner\"><div class=\"fg-caption-title\">Klimatske promene<\/div><\/div><\/figcaption><\/figure><div class=\"fg-loader\"><\/div><\/div><div class=\"fg-item fg-type-image fg-idle\"><figure class=\"fg-item-inner\"><a data-caption-title=\"Energija\" data-attachment-id=\"93\" class=\"fg-thumb\"><span class=\"fg-image-wrap\"><img decoding=\"async\" title=\"Energija\" width=\"64\" height=\"64\" class=\"skip-lazy fg-image\" data-src-fg=\"https:\/\/nea.rs\/wp-content\/uploads\/cache\/2021\/05\/energetska_efikasnost\/1769190396.png\" src=\"data:image\/svg+xml,%3Csvg%20xmlns%3D%22http%3A%2F%2Fwww.w3.org%2F2000%2Fsvg%22%20width%3D%2264%22%20height%3D%2264%22%20viewBox%3D%220%200%2064%2064%22%3E%3C%2Fsvg%3E\" loading=\"eager\"><\/span><span class=\"fg-image-overlay\"><\/span><\/a><figcaption class=\"fg-caption\"><div class=\"fg-caption-inner\"><div class=\"fg-caption-title\">Energija<\/div><\/div><\/figcaption><\/figure><div class=\"fg-loader\"><\/div><\/div><div class=\"fg-item fg-type-image fg-idle\"><figure class=\"fg-item-inner\"><a data-caption-title=\"Emisije u vode\" data-attachment-id=\"92\" class=\"fg-thumb\"><span class=\"fg-image-wrap\"><img decoding=\"async\" title=\"Emisije u vode\" width=\"64\" height=\"64\" class=\"skip-lazy fg-image\" data-src-fg=\"https:\/\/nea.rs\/wp-content\/uploads\/cache\/2021\/05\/emisije_u_vode\/3040847335.png\" src=\"data:image\/svg+xml,%3Csvg%20xmlns%3D%22http%3A%2F%2Fwww.w3.org%2F2000%2Fsvg%22%20width%3D%2264%22%20height%3D%2264%22%20viewBox%3D%220%200%2064%2064%22%3E%3C%2Fsvg%3E\" loading=\"eager\"><\/span><span class=\"fg-image-overlay\"><\/span><\/a><figcaption class=\"fg-caption\"><div class=\"fg-caption-inner\"><div class=\"fg-caption-title\">Emisije u vode<\/div><\/div><\/figcaption><\/figure><div class=\"fg-loader\"><\/div><\/div><div class=\"fg-item fg-type-image fg-idle\"><figure class=\"fg-item-inner\"><a data-caption-title=\"Emisije u vazduh\" data-attachment-id=\"91\" class=\"fg-thumb\"><span class=\"fg-image-wrap\"><img decoding=\"async\" title=\"Emisije u vazduh\" width=\"64\" height=\"64\" class=\"skip-lazy fg-image\" data-src-fg=\"https:\/\/nea.rs\/wp-content\/uploads\/cache\/2021\/05\/emisije_u_vazduh\/1301049315.png\" src=\"data:image\/svg+xml,%3Csvg%20xmlns%3D%22http%3A%2F%2Fwww.w3.org%2F2000%2Fsvg%22%20width%3D%2264%22%20height%3D%2264%22%20viewBox%3D%220%200%2064%2064%22%3E%3C%2Fsvg%3E\" loading=\"eager\"><\/span><span class=\"fg-image-overlay\"><\/span><\/a><figcaption class=\"fg-caption\"><div class=\"fg-caption-inner\"><div class=\"fg-caption-title\">Emisije u vazduh<\/div><\/div><\/figcaption><\/figure><div class=\"fg-loader\"><\/div><\/div><div class=\"fg-item fg-type-image fg-idle\"><figure class=\"fg-item-inner\"><a data-caption-title=\"Za\u0161tita prirode\" data-attachment-id=\"90\" class=\"fg-thumb\"><span class=\"fg-image-wrap\"><img decoding=\"async\" title=\"Za\u0161tita prirode\" width=\"64\" height=\"64\" class=\"skip-lazy fg-image\" data-src-fg=\"https:\/\/nea.rs\/wp-content\/uploads\/cache\/2021\/05\/ekosistemi\/3367015928.png\" src=\"data:image\/svg+xml,%3Csvg%20xmlns%3D%22http%3A%2F%2Fwww.w3.org%2F2000%2Fsvg%22%20width%3D%2264%22%20height%3D%2264%22%20viewBox%3D%220%200%2064%2064%22%3E%3C%2Fsvg%3E\" loading=\"eager\"><\/span><span class=\"fg-image-overlay\"><\/span><\/a><figcaption class=\"fg-caption\"><div class=\"fg-caption-inner\"><div class=\"fg-caption-title\">Za\u0161tita prirode<\/div><\/div><\/figcaption><\/figure><div class=\"fg-loader\"><\/div><\/div><div class=\"fg-item fg-type-image fg-idle\"><figure class=\"fg-item-inner\"><a data-caption-title=\"Cikli\u010dna ekonomija\" data-attachment-id=\"88\" class=\"fg-thumb\"><span class=\"fg-image-wrap\"><img decoding=\"async\" title=\"Cikli\u010dna ekonomija\" width=\"64\" height=\"64\" class=\"skip-lazy fg-image\" data-src-fg=\"https:\/\/nea.rs\/wp-content\/uploads\/cache\/2021\/05\/cirkularna_ekonomija\/2913048426.png\" src=\"data:image\/svg+xml,%3Csvg%20xmlns%3D%22http%3A%2F%2Fwww.w3.org%2F2000%2Fsvg%22%20width%3D%2264%22%20height%3D%2264%22%20viewBox%3D%220%200%2064%2064%22%3E%3C%2Fsvg%3E\" loading=\"eager\"><\/span><span class=\"fg-image-overlay\"><\/span><\/a><figcaption class=\"fg-caption\"><div class=\"fg-caption-inner\"><div class=\"fg-caption-title\">Cikli\u010dna ekonomija<\/div><\/div><\/figcaption><\/figure><div class=\"fg-loader\"><\/div><\/div><div class=\"fg-item fg-type-image fg-idle\"><figure class=\"fg-item-inner\"><a data-caption-title=\"\u0160umarstvo\" data-attachment-id=\"86\" class=\"fg-thumb\"><span class=\"fg-image-wrap\"><img decoding=\"async\" title=\"\u0160umarstvo\" width=\"64\" height=\"64\" class=\"skip-lazy fg-image\" data-src-fg=\"https:\/\/nea.rs\/wp-content\/uploads\/cache\/2021\/05\/biodiverzitet\/1311243881.png\" src=\"data:image\/svg+xml,%3Csvg%20xmlns%3D%22http%3A%2F%2Fwww.w3.org%2F2000%2Fsvg%22%20width%3D%2264%22%20height%3D%2264%22%20viewBox%3D%220%200%2064%2064%22%3E%3C%2Fsvg%3E\" loading=\"eager\"><\/span><span class=\"fg-image-overlay\"><\/span><\/a><figcaption class=\"fg-caption\"><div class=\"fg-caption-inner\"><div class=\"fg-caption-title\">\u0160umarstvo<\/div><\/div><\/figcaption><\/figure><div class=\"fg-loader\"><\/div><\/div><div class=\"fg-item fg-type-image fg-idle\"><figure class=\"fg-item-inner\"><a data-caption-title=\"Biodiverzitet\" data-attachment-id=\"85\" class=\"fg-thumb\"><span class=\"fg-image-wrap\"><img decoding=\"async\" title=\"Biodiverzitet\" width=\"64\" height=\"64\" class=\"skip-lazy fg-image\" data-src-fg=\"https:\/\/nea.rs\/wp-content\/uploads\/cache\/2021\/05\/zasticene_i_ugrozene_vrste\/243966974.png\" src=\"data:image\/svg+xml,%3Csvg%20xmlns%3D%22http%3A%2F%2Fwww.w3.org%2F2000%2Fsvg%22%20width%3D%2264%22%20height%3D%2264%22%20viewBox%3D%220%200%2064%2064%22%3E%3C%2Fsvg%3E\" loading=\"eager\"><\/span><span class=\"fg-image-overlay\"><\/span><\/a><figcaption class=\"fg-caption\"><div class=\"fg-caption-inner\"><div class=\"fg-caption-title\">Biodiverzitet<\/div><\/div><\/figcaption><\/figure><div class=\"fg-loader\"><\/div><\/div><div class=\"fg-item fg-type-image fg-idle\"><figure class=\"fg-item-inner\"><a data-caption-title=\"Buka\" data-attachment-id=\"87\" class=\"fg-thumb\"><span class=\"fg-image-wrap\"><img decoding=\"async\" title=\"Buka\" width=\"64\" height=\"64\" class=\"skip-lazy fg-image\" data-src-fg=\"https:\/\/nea.rs\/wp-content\/uploads\/cache\/2021\/05\/buka\/2912586897.png\" src=\"data:image\/svg+xml,%3Csvg%20xmlns%3D%22http%3A%2F%2Fwww.w3.org%2F2000%2Fsvg%22%20width%3D%2264%22%20height%3D%2264%22%20viewBox%3D%220%200%2064%2064%22%3E%3C%2Fsvg%3E\" loading=\"eager\"><\/span><span class=\"fg-image-overlay\"><\/span><\/a><figcaption class=\"fg-caption\"><div class=\"fg-caption-inner\"><div class=\"fg-caption-title\">Buka<\/div><\/div><\/figcaption><\/figure><div class=\"fg-loader\"><\/div><\/div><div class=\"fg-item fg-type-image fg-idle\"><figure class=\"fg-item-inner\"><a data-attachment-id=\"89\" class=\"fg-thumb\"><span class=\"fg-image-wrap\"><img decoding=\"async\" width=\"64\" height=\"64\" class=\"skip-lazy fg-image\" data-src-fg=\"https:\/\/nea.rs\/wp-content\/uploads\/cache\/2021\/05\/deponije\/3764323474.png\" src=\"data:image\/svg+xml,%3Csvg%20xmlns%3D%22http%3A%2F%2Fwww.w3.org%2F2000%2Fsvg%22%20width%3D%2264%22%20height%3D%2264%22%20viewBox%3D%220%200%2064%2064%22%3E%3C%2Fsvg%3E\" loading=\"eager\"><\/span><span class=\"fg-image-overlay\"><\/span><\/a><figcaption class=\"fg-caption\"><div class=\"fg-caption-inner\"><\/div><\/figcaption><\/figure><div class=\"fg-loader\"><\/div><\/div><\/div>\r\n<style type=\"text\/css\">#foogallery-gallery-317 { \r\nopacity:0.4;\r\n}<\/style>\n","protected":false},"excerpt":{"rendered":"<p>Vazduh 2025 Tradicionalno, Nacionalna ekolo\u0161ka asocijacija svakog 1. januara objavljuje analizu podataka iz dr\u017eavnog automatskog monitoringa kvaiteta vazduha, fokusiraju\u0107i se na prekora\u010denja grani\u010dnih vrednosti odnosno&hellip;<\/p>\n","protected":false},"author":1,"featured_media":0,"parent":0,"menu_order":0,"comment_status":"closed","ping_status":"closed","template":"","meta":{"footnotes":""},"class_list":["post-198","page","type-page","status-publish","hentry"],"yoast_head":"<!-- This site is optimized with the Yoast SEO plugin v24.9 - https:\/\/yoast.com\/wordpress\/plugins\/seo\/ -->\n<title>Naslovna strana - Nacionalna ekolo\u0161ka asocijacija<\/title>\n<meta name=\"robots\" content=\"index, follow, max-snippet:-1, max-image-preview:large, max-video-preview:-1\" \/>\n<link rel=\"canonical\" href=\"https:\/\/nea.rs\/\" \/>\n<meta property=\"og:locale\" content=\"sr_RS\" \/>\n<meta property=\"og:type\" content=\"article\" \/>\n<meta property=\"og:title\" content=\"Naslovna strana - Nacionalna ekolo\u0161ka asocijacija\" \/>\n<meta property=\"og:description\" content=\"Vazduh 2025 Tradicionalno, Nacionalna ekolo\u0161ka asocijacija svakog 1. januara objavljuje analizu podataka iz dr\u017eavnog automatskog monitoringa kvaiteta vazduha, fokusiraju\u0107i se na prekora\u010denja grani\u010dnih vrednosti odnosno&hellip;\" \/>\n<meta property=\"og:url\" content=\"https:\/\/nea.rs\/\" \/>\n<meta property=\"og:site_name\" content=\"Nacionalna ekolo\u0161ka asocijacija\" \/>\n<meta property=\"article:publisher\" content=\"https:\/\/www.facebook.com\/NEASrbija\" \/>\n<meta property=\"article:modified_time\" content=\"2026-01-01T12:05:28+00:00\" \/>\n<meta property=\"og:image\" content=\"https:\/\/nea.rs\/wp-content\/uploads\/2021\/06\/Screenshot_2.png\" \/>\n\t<meta property=\"og:image:width\" content=\"900\" \/>\n\t<meta property=\"og:image:height\" content=\"900\" \/>\n\t<meta property=\"og:image:type\" content=\"image\/png\" \/>\n<meta name=\"twitter:card\" content=\"summary_large_image\" \/>\n<meta name=\"twitter:site\" content=\"@NEASrbija\" \/>\n<meta name=\"twitter:label1\" content=\"Procenjeno vreme \u010ditanja\" \/>\n\t<meta name=\"twitter:data1\" content=\"9 minuta\" \/>\n<script type=\"application\/ld+json\" class=\"yoast-schema-graph\">{\"@context\":\"https:\/\/schema.org\",\"@graph\":[{\"@type\":\"WebPage\",\"@id\":\"https:\/\/nea.rs\/\",\"url\":\"https:\/\/nea.rs\/\",\"name\":\"Naslovna strana - Nacionalna ekolo\u0161ka asocijacija\",\"isPartOf\":{\"@id\":\"https:\/\/nea.rs\/#website\"},\"primaryImageOfPage\":{\"@id\":\"https:\/\/nea.rs\/#primaryimage\"},\"image\":{\"@id\":\"https:\/\/nea.rs\/#primaryimage\"},\"thumbnailUrl\":\"https:\/\/nea.rs\/wp-content\/uploads\/2021\/06\/Screenshot_2.png\",\"datePublished\":\"2021-05-03T21:19:03+00:00\",\"dateModified\":\"2026-01-01T12:05:28+00:00\",\"breadcrumb\":{\"@id\":\"https:\/\/nea.rs\/#breadcrumb\"},\"inLanguage\":\"sr-RS\",\"potentialAction\":[{\"@type\":\"ReadAction\",\"target\":[\"https:\/\/nea.rs\/\"]}]},{\"@type\":\"ImageObject\",\"inLanguage\":\"sr-RS\",\"@id\":\"https:\/\/nea.rs\/#primaryimage\",\"url\":\"https:\/\/nea.rs\/wp-content\/uploads\/2021\/06\/Screenshot_2.png\",\"contentUrl\":\"https:\/\/nea.rs\/wp-content\/uploads\/2021\/06\/Screenshot_2.png\",\"width\":900,\"height\":900},{\"@type\":\"BreadcrumbList\",\"@id\":\"https:\/\/nea.rs\/#breadcrumb\",\"itemListElement\":[{\"@type\":\"ListItem\",\"position\":1,\"name\":\"Po\u010detna\",\"item\":\"https:\/\/nea.rs\/\"},{\"@type\":\"ListItem\",\"position\":2,\"name\":\"Naslovna strana\"}]},{\"@type\":\"WebSite\",\"@id\":\"https:\/\/nea.rs\/#website\",\"url\":\"https:\/\/nea.rs\/\",\"name\":\"Nacionalna ekolo\u0161ka asocijacija\",\"description\":\"\",\"publisher\":{\"@id\":\"https:\/\/nea.rs\/#organization\"},\"potentialAction\":[{\"@type\":\"SearchAction\",\"target\":{\"@type\":\"EntryPoint\",\"urlTemplate\":\"https:\/\/nea.rs\/?s={search_term_string}\"},\"query-input\":{\"@type\":\"PropertyValueSpecification\",\"valueRequired\":true,\"valueName\":\"search_term_string\"}}],\"inLanguage\":\"sr-RS\"},{\"@type\":\"Organization\",\"@id\":\"https:\/\/nea.rs\/#organization\",\"name\":\"Nacionalna ekolo\u0161ka asocijacija\",\"url\":\"https:\/\/nea.rs\/\",\"logo\":{\"@type\":\"ImageObject\",\"inLanguage\":\"sr-RS\",\"@id\":\"https:\/\/nea.rs\/#\/schema\/logo\/image\/\",\"url\":\"https:\/\/nea.rs\/wp-content\/uploads\/2021\/05\/cropped-logoNEA_crop_180_nowhite.jpg\",\"contentUrl\":\"https:\/\/nea.rs\/wp-content\/uploads\/2021\/05\/cropped-logoNEA_crop_180_nowhite.jpg\",\"width\":276,\"height\":154,\"caption\":\"Nacionalna ekolo\u0161ka asocijacija\"},\"image\":{\"@id\":\"https:\/\/nea.rs\/#\/schema\/logo\/image\/\"},\"sameAs\":[\"https:\/\/www.facebook.com\/NEASrbija\",\"https:\/\/x.com\/NEASrbija\",\"https:\/\/www.instagram.com\/neasrbija\/\",\"https:\/\/www.youtube.com\/channel\/UCxwdyhNFV-rjanyqj7JIFow\"]}]}<\/script>\n<!-- \/ Yoast SEO plugin. -->","yoast_head_json":{"title":"Naslovna strana - Nacionalna ekolo\u0161ka asocijacija","robots":{"index":"index","follow":"follow","max-snippet":"max-snippet:-1","max-image-preview":"max-image-preview:large","max-video-preview":"max-video-preview:-1"},"canonical":"https:\/\/nea.rs\/","og_locale":"sr_RS","og_type":"article","og_title":"Naslovna strana - Nacionalna ekolo\u0161ka asocijacija","og_description":"Vazduh 2025 Tradicionalno, Nacionalna ekolo\u0161ka asocijacija svakog 1. januara objavljuje analizu podataka iz dr\u017eavnog automatskog monitoringa kvaiteta vazduha, fokusiraju\u0107i se na prekora\u010denja grani\u010dnih vrednosti odnosno&hellip;","og_url":"https:\/\/nea.rs\/","og_site_name":"Nacionalna ekolo\u0161ka asocijacija","article_publisher":"https:\/\/www.facebook.com\/NEASrbija","article_modified_time":"2026-01-01T12:05:28+00:00","og_image":[{"width":900,"height":900,"url":"https:\/\/nea.rs\/wp-content\/uploads\/2021\/06\/Screenshot_2.png","type":"image\/png"}],"twitter_card":"summary_large_image","twitter_site":"@NEASrbija","twitter_misc":{"Procenjeno vreme \u010ditanja":"9 minuta"},"schema":{"@context":"https:\/\/schema.org","@graph":[{"@type":"WebPage","@id":"https:\/\/nea.rs\/","url":"https:\/\/nea.rs\/","name":"Naslovna strana - Nacionalna ekolo\u0161ka asocijacija","isPartOf":{"@id":"https:\/\/nea.rs\/#website"},"primaryImageOfPage":{"@id":"https:\/\/nea.rs\/#primaryimage"},"image":{"@id":"https:\/\/nea.rs\/#primaryimage"},"thumbnailUrl":"https:\/\/nea.rs\/wp-content\/uploads\/2021\/06\/Screenshot_2.png","datePublished":"2021-05-03T21:19:03+00:00","dateModified":"2026-01-01T12:05:28+00:00","breadcrumb":{"@id":"https:\/\/nea.rs\/#breadcrumb"},"inLanguage":"sr-RS","potentialAction":[{"@type":"ReadAction","target":["https:\/\/nea.rs\/"]}]},{"@type":"ImageObject","inLanguage":"sr-RS","@id":"https:\/\/nea.rs\/#primaryimage","url":"https:\/\/nea.rs\/wp-content\/uploads\/2021\/06\/Screenshot_2.png","contentUrl":"https:\/\/nea.rs\/wp-content\/uploads\/2021\/06\/Screenshot_2.png","width":900,"height":900},{"@type":"BreadcrumbList","@id":"https:\/\/nea.rs\/#breadcrumb","itemListElement":[{"@type":"ListItem","position":1,"name":"Po\u010detna","item":"https:\/\/nea.rs\/"},{"@type":"ListItem","position":2,"name":"Naslovna strana"}]},{"@type":"WebSite","@id":"https:\/\/nea.rs\/#website","url":"https:\/\/nea.rs\/","name":"Nacionalna ekolo\u0161ka asocijacija","description":"","publisher":{"@id":"https:\/\/nea.rs\/#organization"},"potentialAction":[{"@type":"SearchAction","target":{"@type":"EntryPoint","urlTemplate":"https:\/\/nea.rs\/?s={search_term_string}"},"query-input":{"@type":"PropertyValueSpecification","valueRequired":true,"valueName":"search_term_string"}}],"inLanguage":"sr-RS"},{"@type":"Organization","@id":"https:\/\/nea.rs\/#organization","name":"Nacionalna ekolo\u0161ka asocijacija","url":"https:\/\/nea.rs\/","logo":{"@type":"ImageObject","inLanguage":"sr-RS","@id":"https:\/\/nea.rs\/#\/schema\/logo\/image\/","url":"https:\/\/nea.rs\/wp-content\/uploads\/2021\/05\/cropped-logoNEA_crop_180_nowhite.jpg","contentUrl":"https:\/\/nea.rs\/wp-content\/uploads\/2021\/05\/cropped-logoNEA_crop_180_nowhite.jpg","width":276,"height":154,"caption":"Nacionalna ekolo\u0161ka asocijacija"},"image":{"@id":"https:\/\/nea.rs\/#\/schema\/logo\/image\/"},"sameAs":["https:\/\/www.facebook.com\/NEASrbija","https:\/\/x.com\/NEASrbija","https:\/\/www.instagram.com\/neasrbija\/","https:\/\/www.youtube.com\/channel\/UCxwdyhNFV-rjanyqj7JIFow"]}]}},"jetpack_sharing_enabled":true,"_links":{"self":[{"href":"https:\/\/nea.rs\/index.php\/wp-json\/wp\/v2\/pages\/198","targetHints":{"allow":["GET"]}}],"collection":[{"href":"https:\/\/nea.rs\/index.php\/wp-json\/wp\/v2\/pages"}],"about":[{"href":"https:\/\/nea.rs\/index.php\/wp-json\/wp\/v2\/types\/page"}],"author":[{"embeddable":true,"href":"https:\/\/nea.rs\/index.php\/wp-json\/wp\/v2\/users\/1"}],"replies":[{"embeddable":true,"href":"https:\/\/nea.rs\/index.php\/wp-json\/wp\/v2\/comments?post=198"}],"version-history":[{"count":105,"href":"https:\/\/nea.rs\/index.php\/wp-json\/wp\/v2\/pages\/198\/revisions"}],"predecessor-version":[{"id":1378,"href":"https:\/\/nea.rs\/index.php\/wp-json\/wp\/v2\/pages\/198\/revisions\/1378"}],"wp:attachment":[{"href":"https:\/\/nea.rs\/index.php\/wp-json\/wp\/v2\/media?parent=198"}],"curies":[{"name":"wp","href":"https:\/\/api.w.org\/{rel}","templated":true}]}}